{"id":229456,"date":"2026-02-18T07:40:20","date_gmt":"2026-02-18T07:40:20","guid":{"rendered":"https:\/\/demosdivi.lovelyconfetti.com\/vivienpro\/?post_type=project&#038;p=224276"},"modified":"2026-02-18T17:28:14","modified_gmt":"2026-02-18T17:28:14","slug":"shooting-mariage-2","status":"publish","type":"project","link":"https:\/\/aurellephotography.com\/en\/project\/shooting-mariage-2\/","title":{"rendered":"Green matcha &amp; burgundy"},"content":{"rendered":"<p>[et_pb_section fb_built=&#8221;1&#8243; _builder_version=&#8221;4.16&#8243; _module_preset=&#8221;default&#8221; background_enable_color=&#8221;off&#8221; background_image=&#8221;https:\/\/demosdivi.lovelyconfetti.com\/vivienpro\/wp-content\/uploads\/sites\/13\/2021\/06\/VivienPro-Hero10-1-scaled.jpg&#8221; background_enable_video_mp4=&#8221;off&#8221; custom_padding=&#8221;30px||0px|||&#8221; global_colors_info=&#8221;{}&#8221;][et_pb_row use_custom_gutter=&#8221;on&#8221; gutter_width=&#8221;1&#8243; make_equal=&#8221;on&#8221; _builder_version=&#8221;4.16&#8243; _module_preset=&#8221;default&#8221; background_enable_color=&#8221;off&#8221; max_width=&#8221;700px&#8221; module_alignment=&#8221;center&#8221; border_color_all=&#8221;#FFFFFF&#8221; global_colors_info=&#8221;{}&#8221;][et_pb_column type=&#8221;4_4&#8243; _builder_version=&#8221;4.16&#8243; _module_preset=&#8221;default&#8221; global_colors_info=&#8221;{}&#8221;][et_pb_text _builder_version=&#8221;4.16&#8243; _module_preset=&#8221;default&#8221; text_font=&#8221;|600|||||||&#8221; text_text_color=&#8221;#9d8a46&#8243; text_font_size=&#8221;12px&#8221; text_letter_spacing=&#8221;2px&#8221; text_line_height=&#8221;2.1em&#8221; header_2_font=&#8221;auteur||||||||&#8221; header_2_text_align=&#8221;center&#8221; header_2_line_height=&#8221;1.3em&#8221; text_orientation=&#8221;center&#8221; global_colors_info=&#8221;{}&#8221;]<\/p>\n<p><strong>VERT MATCHA &amp; BORDEAUX<\/strong><\/p>\n<p>[\/et_pb_text][et_pb_divider color=&#8221;#000000&#8243; _builder_version=&#8221;4.16&#8243; _module_preset=&#8221;default&#8221; width=&#8221;20%&#8221; module_alignment=&#8221;center&#8221; global_colors_info=&#8221;{}&#8221;][\/et_pb_divider][\/et_pb_column][\/et_pb_row][\/et_pb_section][et_pb_section fb_built=&#8221;1&#8243; module_id=&#8221;ancla2&#8243; _builder_version=&#8221;4.16&#8243; _module_preset=&#8221;default&#8221; background_color=&#8221;#FFFFFF&#8221; custom_padding=&#8221;0px|||||&#8221; global_colors_info=&#8221;{}&#8221;][et_pb_row _builder_version=&#8221;4.16&#8243; _module_preset=&#8221;default&#8221; global_colors_info=&#8221;{}&#8221;][et_pb_column type=&#8221;4_4&#8243; _builder_version=&#8221;4.16&#8243; _module_preset=&#8221;default&#8221; global_colors_info=&#8221;{}&#8221;][et_pb_text _builder_version=&#8221;4.24.2&#8243; _module_preset=&#8221;default&#8221; header_2_text_align=&#8221;center&#8221; text_orientation=&#8221;center&#8221; hover_enabled=&#8221;0&#8243; global_colors_info=&#8221;{}&#8221; sticky_enabled=&#8221;0&#8243;]<\/p>\n<p data-start=\"330\" data-end=\"741\">Au Ch\u00e2teau Bouff\u00e9mont, leur journ\u00e9e de mariage s\u2019est ouverte comme un conte moderne, teint\u00e9 de matcha et de bordeaux. Dans le calme des chambres du ch\u00e2teau, chacun se pr\u00e9parait de son c\u00f4t\u00e9, entour\u00e9 de tissus d\u00e9licats, de lumi\u00e8re douce et de cette \u00e9motion suspendue qui pr\u00e9c\u00e8de les grands instants. Face au ch\u00e2teau, la c\u00e9r\u00e9monie ext\u00e9rieure prit la forme d\u2019une sc\u00e8ne vivante. Le vent effleurait les compositions florales, la lumi\u00e8re glissait sur la pierre fran\u00e7aise, et les mari\u00e9s avan\u00e7aient l\u2019un vers l\u2019autre avec une douceur infinie. Puis vint la d\u00e9couverte de la table du d\u00eener : un v\u00e9ritable tableau, o\u00f9 l\u2019art de la table se m\u00ealait \u00e0 la po\u00e9sie des fleurs, des textures et des couleurs.<\/p>\n<p>[\/et_pb_text][\/et_pb_column][\/et_pb_row][et_pb_row column_structure=&#8221;1_2,1_2&#8243; _builder_version=&#8221;4.16&#8243; _module_preset=&#8221;default&#8221; global_colors_info=&#8221;{}&#8221;][et_pb_column type=&#8221;1_2&#8243; _builder_version=&#8221;4.16&#8243; _module_preset=&#8221;default&#8221; global_colors_info=&#8221;{}&#8221;][et_pb_image src=&#8221;https:\/\/aurellephotography.com\/wp-content\/uploads\/2025\/11\/ST-002-min.webp&#8221; alt=&#8221;ch\u00e2teau bouff\u00e9mont drone prise de vue aerienne&#8221; title_text=&#8221;ch\u00e2teau bouff\u00e9mont&#8221; _builder_version=&#8221;4.24.2&#8243; _module_preset=&#8221;default&#8221; global_colors_info=&#8221;{}&#8221;][\/et_pb_image][et_pb_image src=&#8221;https:\/\/aurellephotography.com\/wp-content\/uploads\/2025\/11\/ST-113-min.webp&#8221; alt=&#8221; ch\u00e2teau bouffemont mariage mari\u00e9s&#8221; title_text=&#8221;couple mari\u00e9 devant ch\u00e2teau bouffemont&#8221; _builder_version=&#8221;4.24.2&#8243; _module_preset=&#8221;default&#8221; global_colors_info=&#8221;{}&#8221;][\/et_pb_image][et_pb_image src=&#8221;https:\/\/aurellephotography.com\/wp-content\/uploads\/2025\/11\/ST-029-min.webp&#8221; title_text=&#8221;S&#038;T-029-min&#8221; _builder_version=&#8221;4.24.2&#8243; _module_preset=&#8221;default&#8221; global_colors_info=&#8221;{}&#8221;][\/et_pb_image][et_pb_image src=&#8221;https:\/\/aurellephotography.com\/wp-content\/uploads\/2025\/11\/ST-026-min.webp&#8221; title_text=&#8221;S&#038;T-026-min&#8221; src_tablet=&#8221;https:\/\/aurellephotography.com\/wp-content\/uploads\/2025\/11\/ST-026-min.webp&#8221; src_phone=&#8221;https:\/\/aurellephotography.com\/wp-content\/uploads\/2025\/11\/ST-026-min.webp&#8221; src_last_edited=&#8221;on|desktop&#8221; _builder_version=&#8221;4.24.2&#8243; _module_preset=&#8221;default&#8221; global_colors_info=&#8221;{}&#8221;][\/et_pb_image][et_pb_image src=&#8221;https:\/\/aurellephotography.com\/wp-content\/uploads\/2025\/11\/ST-009-min.webp&#8221; alt=&#8221;ch\u00e2teau bouffemont mari\u00e9 se pr\u00e9pare&#8221; title_text=&#8221;groom getting ready&#8221; _builder_version=&#8221;4.24.2&#8243; _module_preset=&#8221;default&#8221; global_colors_info=&#8221;{}&#8221;][\/et_pb_image][et_pb_image src=&#8221;https:\/\/aurellephotography.com\/wp-content\/uploads\/2025\/11\/ST-054-min.webp&#8221; title_text=&#8221;S&#038;T-054-min&#8221; _builder_version=&#8221;4.24.2&#8243; _module_preset=&#8221;default&#8221; global_colors_info=&#8221;{}&#8221;][\/et_pb_image][et_pb_image src=&#8221;https:\/\/aurellephotography.com\/wp-content\/uploads\/2025\/11\/ST-069-min.webp&#8221; title_text=&#8221;S&#038;T-069-min&#8221; _builder_version=&#8221;4.24.2&#8243; _module_preset=&#8221;default&#8221; global_colors_info=&#8221;{}&#8221;][\/et_pb_image][et_pb_image src=&#8221;https:\/\/aurellephotography.com\/wp-content\/uploads\/2025\/11\/ST-072-min.webp&#8221; title_text=&#8221;S&#038;T-072-min&#8221; _builder_version=&#8221;4.24.2&#8243; _module_preset=&#8221;default&#8221; global_colors_info=&#8221;{}&#8221;][\/et_pb_image][et_pb_image src=&#8221;https:\/\/aurellephotography.com\/wp-content\/uploads\/2025\/11\/ST-089-min.webp&#8221; title_text=&#8221;S&#038;T-089-min&#8221; _builder_version=&#8221;4.24.2&#8243; _module_preset=&#8221;default&#8221; global_colors_info=&#8221;{}&#8221;][\/et_pb_image][\/et_pb_column][et_pb_column type=&#8221;1_2&#8243; _builder_version=&#8221;4.24.2&#8243; _module_preset=&#8221;default&#8221; global_colors_info=&#8221;{}&#8221;][et_pb_image src=&#8221;https:\/\/aurellephotography.com\/wp-content\/uploads\/2025\/11\/ST-085-min.webp&#8221; alt=&#8221;couple ceremonie mariage devant ch\u00e2teau bouff\u00e9mont&#8221; title_text=&#8221;Mariage ch\u00e2teau bouff\u00e9mont&#8221; _builder_version=&#8221;4.24.2&#8243; _module_preset=&#8221;default&#8221; global_colors_info=&#8221;{}&#8221;][\/et_pb_image][et_pb_image src=&#8221;https:\/\/aurellephotography.com\/wp-content\/uploads\/2025\/11\/ST-034-min.webp&#8221; title_text=&#8221;S&#038;T-034-min&#8221; _builder_version=&#8221;4.24.2&#8243; _module_preset=&#8221;default&#8221; global_colors_info=&#8221;{}&#8221;][\/et_pb_image][et_pb_image src=&#8221;https:\/\/aurellephotography.com\/wp-content\/uploads\/2025\/11\/ST-021-min.webp&#8221; title_text=&#8221;S&#038;T-021-min&#8221; _builder_version=&#8221;4.24.2&#8243; _module_preset=&#8221;default&#8221; global_colors_info=&#8221;{}&#8221;][\/et_pb_image][et_pb_image src=&#8221;https:\/\/aurellephotography.com\/wp-content\/uploads\/2025\/11\/ST-037-min.webp&#8221; title_text=&#8221;S&#038;T-037-min&#8221; _builder_version=&#8221;4.24.2&#8243; _module_preset=&#8221;default&#8221; global_colors_info=&#8221;{}&#8221;][\/et_pb_image][et_pb_image src=&#8221;https:\/\/aurellephotography.com\/wp-content\/uploads\/2025\/11\/ST-045-min.webp&#8221; title_text=&#8221;S&#038;T-045-min&#8221; _builder_version=&#8221;4.24.2&#8243; _module_preset=&#8221;default&#8221; global_colors_info=&#8221;{}&#8221;][\/et_pb_image][et_pb_image src=&#8221;https:\/\/aurellephotography.com\/wp-content\/uploads\/2025\/11\/ST-065-min.webp&#8221; title_text=&#8221;S&#038;T-065-min&#8221; _builder_version=&#8221;4.24.2&#8243; _module_preset=&#8221;default&#8221; global_colors_info=&#8221;{}&#8221;][\/et_pb_image][et_pb_image src=&#8221;https:\/\/aurellephotography.com\/wp-content\/uploads\/2025\/11\/ST-096-min.webp&#8221; title_text=&#8221;S&#038;T-096-min&#8221; _builder_version=&#8221;4.24.2&#8243; _module_preset=&#8221;default&#8221; global_colors_info=&#8221;{}&#8221;][\/et_pb_image][et_pb_image src=&#8221;https:\/\/aurellephotography.com\/wp-content\/uploads\/2025\/11\/ST-107-min.webp&#8221; title_text=&#8221;S&#038;T-107-min&#8221; _builder_version=&#8221;4.24.2&#8243; _module_preset=&#8221;default&#8221; global_colors_info=&#8221;{}&#8221;][\/et_pb_image][et_pb_image src=&#8221;https:\/\/aurellephotography.com\/wp-content\/uploads\/2025\/11\/ST-108-min.webp&#8221; title_text=&#8221;S&#038;T-108-min&#8221; _builder_version=&#8221;4.24.2&#8243; _module_preset=&#8221;default&#8221; global_colors_info=&#8221;{}&#8221;][\/et_pb_image][\/et_pb_column][\/et_pb_row][et_pb_row _builder_version=&#8221;4.16&#8243; _module_preset=&#8221;default&#8221; global_colors_info=&#8221;{}&#8221;][et_pb_column type=&#8221;4_4&#8243; _builder_version=&#8221;4.16&#8243; _module_preset=&#8221;default&#8221; global_colors_info=&#8221;{}&#8221;][et_pb_post_nav prev_text=&#8221;GALERIE PRECEDENTE&#8221; next_text=&#8221;GALERIE SUIVANTE&#8221; _builder_version=&#8221;4.24.2&#8243; _module_preset=&#8221;default&#8221; title_letter_spacing=&#8221;1px&#8221; global_colors_info=&#8221;{}&#8221;][\/et_pb_post_nav][\/et_pb_column][\/et_pb_row][\/et_pb_section]<\/p>\n","protected":false},"excerpt":{"rendered":"<p>VERT MATCHA &amp; BORDEAUXAu Ch\u00e2teau Bouff\u00e9mont, leur journ\u00e9e de mariage s\u2019est ouverte comme un conte moderne, teint\u00e9 de matcha et de bordeaux. Dans le calme des chambres du ch\u00e2teau, chacun se pr\u00e9parait de son c\u00f4t\u00e9, entour\u00e9 de tissus d\u00e9licats, de lumi\u00e8re douce et de cette \u00e9motion suspendue qui pr\u00e9c\u00e8de les grands instants. Face au ch\u00e2teau, [&hellip;]<\/p>\n","protected":false},"author":1,"featured_media":230143,"comment_status":"closed","ping_status":"closed","template":"","meta":{"nf_dc_page":"","_et_pb_use_builder":"on","_et_pb_old_content":"","_et_gb_content_width":"","om_disable_all_campaigns":false,"_monsterinsights_skip_tracking":false,"footnotes":""},"project_category":[36],"project_tag":[],"class_list":["post-229456","project","type-project","status-publish","has-post-thumbnail","hentry","project_category-weddings"],"aioseo_notices":[],"aioseo_head":"\n\t\t<!-- All in One SEO Pro 5.0.1.1 - aioseo.com -->\n\t<meta name=\"description\" content=\"Shooting mariage au Ch\u00e2teau de Bouff\u00e9mont. Les mari\u00e9s incarnent l\u2019\u00e9l\u00e9gance d\u2019un mariage moderne aux teintes matcha et bordeaux et du romantisme fran\u00e7ais.\" \/>\n\t<meta name=\"robots\" content=\"max-image-preview:large\" \/>\n\t<meta name=\"author\" content=\"Aurelle\"\/>\n\t<meta name=\"google-site-verification\" content=\"l__nzAj-H2XpTboqc73wxS3CLMFmx0fO99Ubpvxv9EQ\" \/>\n\t<link rel=\"canonical\" href=\"https:\/\/aurellephotography.com\/en\/project\/shooting-mariage-2\/\" \/>\n\t<meta name=\"generator\" content=\"All in One SEO Pro (AIOSEO) 5.0.1.1\" \/>\n\t\t<meta property=\"og:locale\" content=\"en_GB\" \/>\n\t\t<meta property=\"og:site_name\" content=\"Aurelle Photo - Capturez l&#039;\u00e9l\u00e9gance de vos souvenirs\" \/>\n\t\t<meta property=\"og:type\" content=\"article\" \/>\n\t\t<meta property=\"og:title\" content=\"Mariage vert matcha et bordeaux - Photographie de mariage\" \/>\n\t\t<meta property=\"og:description\" content=\"Shooting mariage au Ch\u00e2teau de Bouff\u00e9mont. Les mari\u00e9s incarnent l\u2019\u00e9l\u00e9gance d\u2019un mariage moderne aux teintes matcha et bordeaux et du romantisme fran\u00e7ais.\" \/>\n\t\t<meta property=\"og:url\" content=\"https:\/\/aurellephotography.com\/en\/project\/shooting-mariage-2\/\" \/>\n\t\t<meta property=\"og:image\" content=\"https:\/\/aurellephotography.com\/wp-content\/uploads\/2026\/02\/aurelleearber-6.jpg\" \/>\n\t\t<meta property=\"og:image:secure_url\" content=\"https:\/\/aurellephotography.com\/wp-content\/uploads\/2026\/02\/aurelleearber-6.jpg\" \/>\n\t\t<meta property=\"og:image:width\" content=\"1902\" \/>\n\t\t<meta property=\"og:image:height\" content=\"2319\" \/>\n\t\t<meta property=\"article:published_time\" content=\"2026-02-18T07:40:20+00:00\" \/>\n\t\t<meta property=\"article:modified_time\" content=\"2026-02-18T17:28:14+00:00\" \/>\n\t\t<meta name=\"twitter:card\" content=\"summary_large_image\" \/>\n\t\t<meta name=\"twitter:title\" content=\"Mariage vert matcha et bordeaux - Photographie de mariage\" \/>\n\t\t<meta name=\"twitter:description\" content=\"Shooting mariage au Ch\u00e2teau de Bouff\u00e9mont. Les mari\u00e9s incarnent l\u2019\u00e9l\u00e9gance d\u2019un mariage moderne aux teintes matcha et bordeaux et du romantisme fran\u00e7ais.\" \/>\n\t\t<meta name=\"twitter:image\" content=\"https:\/\/aurellephotography.com\/wp-content\/uploads\/2026\/02\/aurelleearber-6.jpg\" \/>\n\t\t<script type=\"application\/ld+json\" class=\"aioseo-schema\">\n\t\t\t{\"@context\":\"https:\\\/\\\/schema.org\",\"@graph\":[{\"@type\":\"BreadcrumbList\",\"@id\":\"https:\\\/\\\/aurellephotography.com\\\/en\\\/project\\\/shooting-mariage-2\\\/#breadcrumblist\",\"itemListElement\":[{\"@type\":\"ListItem\",\"@id\":\"https:\\\/\\\/aurellephotography.com\\\/en#listItem\",\"position\":1,\"name\":\"Home\",\"item\":\"https:\\\/\\\/aurellephotography.com\\\/en\",\"nextItem\":{\"@type\":\"ListItem\",\"@id\":\"https:\\\/\\\/aurellephotography.com\\\/en\\\/project\\\/#listItem\",\"name\":\"Projects\"}},{\"@type\":\"ListItem\",\"@id\":\"https:\\\/\\\/aurellephotography.com\\\/en\\\/project\\\/#listItem\",\"position\":2,\"name\":\"Projects\",\"item\":\"https:\\\/\\\/aurellephotography.com\\\/en\\\/project\\\/\",\"nextItem\":{\"@type\":\"ListItem\",\"@id\":\"https:\\\/\\\/aurellephotography.com\\\/en\\\/project_category\\\/weddings\\\/#listItem\",\"name\":\"Weddings\"},\"previousItem\":{\"@type\":\"ListItem\",\"@id\":\"https:\\\/\\\/aurellephotography.com\\\/en#listItem\",\"name\":\"Home\"}},{\"@type\":\"ListItem\",\"@id\":\"https:\\\/\\\/aurellephotography.com\\\/en\\\/project_category\\\/weddings\\\/#listItem\",\"position\":3,\"name\":\"Weddings\",\"item\":\"https:\\\/\\\/aurellephotography.com\\\/en\\\/project_category\\\/weddings\\\/\",\"nextItem\":{\"@type\":\"ListItem\",\"@id\":\"https:\\\/\\\/aurellephotography.com\\\/en\\\/project\\\/shooting-mariage-2\\\/#listItem\",\"name\":\"Mariage vert matcha et bordeaux\"},\"previousItem\":{\"@type\":\"ListItem\",\"@id\":\"https:\\\/\\\/aurellephotography.com\\\/en\\\/project\\\/#listItem\",\"name\":\"Projects\"}},{\"@type\":\"ListItem\",\"@id\":\"https:\\\/\\\/aurellephotography.com\\\/en\\\/project\\\/shooting-mariage-2\\\/#listItem\",\"position\":4,\"name\":\"Mariage vert matcha et bordeaux\",\"previousItem\":{\"@type\":\"ListItem\",\"@id\":\"https:\\\/\\\/aurellephotography.com\\\/en\\\/project_category\\\/weddings\\\/#listItem\",\"name\":\"Weddings\"}}]},{\"@type\":\"Person\",\"@id\":\"https:\\\/\\\/aurellephotography.com\\\/en\\\/#person\",\"name\":\"Aurelle\",\"image\":{\"@type\":\"ImageObject\",\"@id\":\"https:\\\/\\\/aurellephotography.com\\\/en\\\/project\\\/shooting-mariage-2\\\/#personImage\",\"url\":\"https:\\\/\\\/secure.gravatar.com\\\/avatar\\\/c9665595c59439a2267b5b5eec5e4ac58420cd6ff74770cd769a38f5eacd508f?s=96&d=mm&r=g\",\"width\":96,\"height\":96,\"caption\":\"Aurelle\"}},{\"@type\":\"Person\",\"@id\":\"https:\\\/\\\/aurellephotography.com\\\/en\\\/author\\\/aurelle\\\/#author\",\"url\":\"https:\\\/\\\/aurellephotography.com\\\/en\\\/author\\\/aurelle\\\/\",\"name\":\"Aurelle\",\"image\":{\"@type\":\"ImageObject\",\"@id\":\"https:\\\/\\\/aurellephotography.com\\\/en\\\/project\\\/shooting-mariage-2\\\/#authorImage\",\"url\":\"https:\\\/\\\/secure.gravatar.com\\\/avatar\\\/c9665595c59439a2267b5b5eec5e4ac58420cd6ff74770cd769a38f5eacd508f?s=96&d=mm&r=g\",\"width\":96,\"height\":96,\"caption\":\"Aurelle\"}},{\"@type\":\"WebPage\",\"@id\":\"https:\\\/\\\/aurellephotography.com\\\/en\\\/project\\\/shooting-mariage-2\\\/#webpage\",\"url\":\"https:\\\/\\\/aurellephotography.com\\\/en\\\/project\\\/shooting-mariage-2\\\/\",\"name\":\"Mariage vert matcha et bordeaux - Photographie de mariage\",\"description\":\"Shooting mariage au Ch\\u00e2teau de Bouff\\u00e9mont. Les mari\\u00e9s incarnent l\\u2019\\u00e9l\\u00e9gance d\\u2019un mariage moderne aux teintes matcha et bordeaux et du romantisme fran\\u00e7ais.\",\"inLanguage\":\"en-GB\",\"isPartOf\":{\"@id\":\"https:\\\/\\\/aurellephotography.com\\\/en\\\/#website\"},\"breadcrumb\":{\"@id\":\"https:\\\/\\\/aurellephotography.com\\\/en\\\/project\\\/shooting-mariage-2\\\/#breadcrumblist\"},\"author\":{\"@id\":\"https:\\\/\\\/aurellephotography.com\\\/en\\\/author\\\/aurelle\\\/#author\"},\"creator\":{\"@id\":\"https:\\\/\\\/aurellephotography.com\\\/en\\\/author\\\/aurelle\\\/#author\"},\"image\":{\"@type\":\"ImageObject\",\"url\":\"https:\\\/\\\/aurellephotography.com\\\/wp-content\\\/uploads\\\/2021\\\/03\\\/A-scaled.webp\",\"@id\":\"https:\\\/\\\/aurellephotography.com\\\/en\\\/project\\\/shooting-mariage-2\\\/#mainImage\",\"width\":1707,\"height\":2560,\"caption\":\"Bride and groom walking towards chateau\"},\"primaryImageOfPage\":{\"@id\":\"https:\\\/\\\/aurellephotography.com\\\/en\\\/project\\\/shooting-mariage-2\\\/#mainImage\"},\"datePublished\":\"2026-02-18T07:40:20+00:00\",\"dateModified\":\"2026-02-18T17:28:14+00:00\"},{\"@type\":\"WebSite\",\"@id\":\"https:\\\/\\\/aurellephotography.com\\\/en\\\/#website\",\"url\":\"https:\\\/\\\/aurellephotography.com\\\/en\\\/\",\"name\":\"Aurelle Photo - mariages et portraits\",\"description\":\"Capturez l'\\u00e9l\\u00e9gance de vos souvenirs\",\"inLanguage\":\"en-GB\",\"publisher\":{\"@id\":\"https:\\\/\\\/aurellephotography.com\\\/en\\\/#person\"}}]}\n\t\t<\/script>\n\t\t<!-- All in One SEO Pro -->\r\n\t\t<title>Mariage vert matcha et bordeaux - Photographie de mariage<\/title>\n\n","aioseo_head_json":{"title":"Mariage vert matcha et bordeaux - Photographie de mariage","description":"Shooting mariage au Ch\u00e2teau de Bouff\u00e9mont. Les mari\u00e9s incarnent l\u2019\u00e9l\u00e9gance d\u2019un mariage moderne aux teintes matcha et bordeaux et du romantisme fran\u00e7ais.","canonical_url":"https:\/\/aurellephotography.com\/en\/project\/shooting-mariage-2\/","robots":"max-image-preview:large","keywords":"","webmasterTools":{"google-site-verification":"l__nzAj-H2XpTboqc73wxS3CLMFmx0fO99Ubpvxv9EQ","miscellaneous":""},"schema":{"@context":"https:\/\/schema.org","@graph":[{"@type":"BreadcrumbList","@id":"https:\/\/aurellephotography.com\/en\/project\/shooting-mariage-2\/#breadcrumblist","itemListElement":[{"@type":"ListItem","@id":"https:\/\/aurellephotography.com\/en#listItem","position":1,"name":"Home","item":"https:\/\/aurellephotography.com\/en","nextItem":{"@type":"ListItem","@id":"https:\/\/aurellephotography.com\/en\/project\/#listItem","name":"Projects"}},{"@type":"ListItem","@id":"https:\/\/aurellephotography.com\/en\/project\/#listItem","position":2,"name":"Projects","item":"https:\/\/aurellephotography.com\/en\/project\/","nextItem":{"@type":"ListItem","@id":"https:\/\/aurellephotography.com\/en\/project_category\/weddings\/#listItem","name":"Weddings"},"previousItem":{"@type":"ListItem","@id":"https:\/\/aurellephotography.com\/en#listItem","name":"Home"}},{"@type":"ListItem","@id":"https:\/\/aurellephotography.com\/en\/project_category\/weddings\/#listItem","position":3,"name":"Weddings","item":"https:\/\/aurellephotography.com\/en\/project_category\/weddings\/","nextItem":{"@type":"ListItem","@id":"https:\/\/aurellephotography.com\/en\/project\/shooting-mariage-2\/#listItem","name":"Mariage vert matcha et bordeaux"},"previousItem":{"@type":"ListItem","@id":"https:\/\/aurellephotography.com\/en\/project\/#listItem","name":"Projects"}},{"@type":"ListItem","@id":"https:\/\/aurellephotography.com\/en\/project\/shooting-mariage-2\/#listItem","position":4,"name":"Mariage vert matcha et bordeaux","previousItem":{"@type":"ListItem","@id":"https:\/\/aurellephotography.com\/en\/project_category\/weddings\/#listItem","name":"Weddings"}}]},{"@type":"Person","@id":"https:\/\/aurellephotography.com\/en\/#person","name":"Aurelle","image":{"@type":"ImageObject","@id":"https:\/\/aurellephotography.com\/en\/project\/shooting-mariage-2\/#personImage","url":"https:\/\/secure.gravatar.com\/avatar\/c9665595c59439a2267b5b5eec5e4ac58420cd6ff74770cd769a38f5eacd508f?s=96&d=mm&r=g","width":96,"height":96,"caption":"Aurelle"}},{"@type":"Person","@id":"https:\/\/aurellephotography.com\/en\/author\/aurelle\/#author","url":"https:\/\/aurellephotography.com\/en\/author\/aurelle\/","name":"Aurelle","image":{"@type":"ImageObject","@id":"https:\/\/aurellephotography.com\/en\/project\/shooting-mariage-2\/#authorImage","url":"https:\/\/secure.gravatar.com\/avatar\/c9665595c59439a2267b5b5eec5e4ac58420cd6ff74770cd769a38f5eacd508f?s=96&d=mm&r=g","width":96,"height":96,"caption":"Aurelle"}},{"@type":"WebPage","@id":"https:\/\/aurellephotography.com\/en\/project\/shooting-mariage-2\/#webpage","url":"https:\/\/aurellephotography.com\/en\/project\/shooting-mariage-2\/","name":"Mariage vert matcha et bordeaux - Photographie de mariage","description":"Shooting mariage au Ch\u00e2teau de Bouff\u00e9mont. Les mari\u00e9s incarnent l\u2019\u00e9l\u00e9gance d\u2019un mariage moderne aux teintes matcha et bordeaux et du romantisme fran\u00e7ais.","inLanguage":"en-GB","isPartOf":{"@id":"https:\/\/aurellephotography.com\/en\/#website"},"breadcrumb":{"@id":"https:\/\/aurellephotography.com\/en\/project\/shooting-mariage-2\/#breadcrumblist"},"author":{"@id":"https:\/\/aurellephotography.com\/en\/author\/aurelle\/#author"},"creator":{"@id":"https:\/\/aurellephotography.com\/en\/author\/aurelle\/#author"},"image":{"@type":"ImageObject","url":"https:\/\/aurellephotography.com\/wp-content\/uploads\/2021\/03\/A-scaled.webp","@id":"https:\/\/aurellephotography.com\/en\/project\/shooting-mariage-2\/#mainImage","width":1707,"height":2560,"caption":"Bride and groom walking towards chateau"},"primaryImageOfPage":{"@id":"https:\/\/aurellephotography.com\/en\/project\/shooting-mariage-2\/#mainImage"},"datePublished":"2026-02-18T07:40:20+00:00","dateModified":"2026-02-18T17:28:14+00:00"},{"@type":"WebSite","@id":"https:\/\/aurellephotography.com\/en\/#website","url":"https:\/\/aurellephotography.com\/en\/","name":"Aurelle Photo - mariages et portraits","description":"Capturez l'\u00e9l\u00e9gance de vos souvenirs","inLanguage":"en-GB","publisher":{"@id":"https:\/\/aurellephotography.com\/en\/#person"}}]},"og:locale":"en_GB","og:site_name":"Aurelle Photo - Capturez l'\u00e9l\u00e9gance de vos souvenirs","og:type":"article","og:title":"Mariage vert matcha et bordeaux - Photographie de mariage","og:description":"Shooting mariage au Ch\u00e2teau de Bouff\u00e9mont. Les mari\u00e9s incarnent l\u2019\u00e9l\u00e9gance d\u2019un mariage moderne aux teintes matcha et bordeaux et du romantisme fran\u00e7ais.","og:url":"https:\/\/aurellephotography.com\/en\/project\/shooting-mariage-2\/","og:image":"https:\/\/aurellephotography.com\/wp-content\/uploads\/2026\/02\/aurelleearber-6.jpg","og:image:secure_url":"https:\/\/aurellephotography.com\/wp-content\/uploads\/2026\/02\/aurelleearber-6.jpg","og:image:width":1902,"og:image:height":2319,"article:published_time":"2026-02-18T07:40:20+00:00","article:modified_time":"2026-02-18T17:28:14+00:00","twitter:card":"summary_large_image","twitter:title":"Mariage vert matcha et bordeaux - Photographie de mariage","twitter:description":"Shooting mariage au Ch\u00e2teau de Bouff\u00e9mont. Les mari\u00e9s incarnent l\u2019\u00e9l\u00e9gance d\u2019un mariage moderne aux teintes matcha et bordeaux et du romantisme fran\u00e7ais.","twitter:image":"https:\/\/aurellephotography.com\/wp-content\/uploads\/2026\/02\/aurelleearber-6.jpg"},"aioseo_meta_data":{"post_id":"229456","title":"#post_title #separator_sa Photographie de mariage","description":"Shooting mariage au Ch\u00e2teau de Bouff\u00e9mont. Les mari\u00e9s incarnent l\u2019\u00e9l\u00e9gance d\u2019un mariage moderne aux teintes matcha et bordeaux et du romantisme fran\u00e7ais.","keywords":null,"keyphrases":{"focus":{"keyphrase":"mariage","score":81},"additional":[]},"primary_term":null,"canonical_url":null,"og_title":null,"og_description":null,"og_object_type":"default","og_image_type":"default","og_image_url":null,"og_image_width":null,"og_image_height":null,"og_image_custom_url":null,"og_image_custom_fields":null,"og_video":"","og_custom_url":null,"og_article_section":null,"og_article_tags":null,"twitter_use_og":false,"twitter_card":"default","twitter_image_type":"default","twitter_image_url":null,"twitter_image_custom_url":null,"twitter_image_custom_fields":null,"twitter_title":null,"twitter_description":null,"schema":{"blockGraphs":[],"customGraphs":[],"default":{"data":{"Article":[],"Course":[],"Dataset":[],"FAQPage":[],"Movie":[],"Person":[],"Product":[],"ProductReview":[],"Car":[],"Recipe":[],"Service":[],"SoftwareApplication":[],"WebPage":[]},"graphName":"WebPage","isEnabled":true},"graphs":[]},"schema_type":"default","schema_type_options":null,"pillar_content":false,"robots_default":true,"robots_noindex":false,"robots_noarchive":false,"robots_nosnippet":false,"robots_nofollow":false,"robots_noimageindex":false,"robots_noodp":false,"robots_notranslate":false,"robots_max_snippet":"-1","robots_max_videopreview":"-1","robots_max_imagepreview":"large","priority":null,"frequency":"default","local_seo":null,"seo_analyzer_scan_date":"2026-03-30 22:20:01","breadcrumb_settings":null,"limit_modified_date":false,"open_ai":null,"ai":{"faqs":[],"keyPoints":[],"titles":[],"descriptions":[],"socialPosts":{"email":[],"linkedin":[],"twitter":[],"facebook":[],"instagram":[]}},"created":"2024-12-31 16:45:22","updated":"2026-08-19 01:59:52","focus_keyword":"mariage","additional_keywords":null,"truseo_locale":null},"aioseo_breadcrumb":"<div class=\"aioseo-breadcrumbs\"><span class=\"aioseo-breadcrumb\">\n\t<a href=\"https:\/\/aurellephotography.com\/en\" title=\"Home\">Home<\/a>\n<\/span><span class=\"aioseo-breadcrumb-separator\">|<\/span><span class=\"aioseo-breadcrumb\">\n\t<a href=\"https:\/\/aurellephotography.com\/en\/project\/\" title=\"Projects\">Projects<\/a>\n<\/span><span class=\"aioseo-breadcrumb-separator\">|<\/span><span class=\"aioseo-breadcrumb\">\n\t<a href=\"https:\/\/aurellephotography.com\/en\/project_category\/weddings\/\" title=\"Weddings\">Weddings<\/a>\n<\/span><span class=\"aioseo-breadcrumb-separator\">|<\/span><span class=\"aioseo-breadcrumb\">\n\tMariage vert matcha et bordeaux\n<\/span><\/div>","aioseo_breadcrumb_json":[{"label":"Home","link":"https:\/\/aurellephotography.com\/en"},{"label":"Projects","link":"https:\/\/aurellephotography.com\/en\/project\/"},{"label":"Weddings","link":"https:\/\/aurellephotography.com\/en\/project_category\/weddings\/"},{"label":"Mariage vert matcha et bordeaux","link":"https:\/\/aurellephotography.com\/en\/project\/shooting-mariage-2\/"}],"_links":{"self":[{"href":"https:\/\/aurellephotography.com\/en\/wp-json\/wp\/v2\/project\/229456","targetHints":{"allow":["GET"]}}],"collection":[{"href":"https:\/\/aurellephotography.com\/en\/wp-json\/wp\/v2\/project"}],"about":[{"href":"https:\/\/aurellephotography.com\/en\/wp-json\/wp\/v2\/types\/project"}],"author":[{"embeddable":true,"href":"https:\/\/aurellephotography.com\/en\/wp-json\/wp\/v2\/users\/1"}],"replies":[{"embeddable":true,"href":"https:\/\/aurellephotography.com\/en\/wp-json\/wp\/v2\/comments?post=229456"}],"version-history":[{"count":19,"href":"https:\/\/aurellephotography.com\/en\/wp-json\/wp\/v2\/project\/229456\/revisions"}],"predecessor-version":[{"id":230868,"href":"https:\/\/aurellephotography.com\/en\/wp-json\/wp\/v2\/project\/229456\/revisions\/230868"}],"wp:featuredmedia":[{"embeddable":true,"href":"https:\/\/aurellephotography.com\/en\/wp-json\/wp\/v2\/media\/230143"}],"wp:attachment":[{"href":"https:\/\/aurellephotography.com\/en\/wp-json\/wp\/v2\/media?parent=229456"}],"wp:term":[{"taxonomy":"project_category","embeddable":true,"href":"https:\/\/aurellephotography.com\/en\/wp-json\/wp\/v2\/project_category?post=229456"},{"taxonomy":"project_tag","embeddable":true,"href":"https:\/\/aurellephotography.com\/en\/wp-json\/wp\/v2\/project_tag?post=229456"}],"curies":[{"name":"wp","href":"https:\/\/api.w.org\/{rel}","templated":true}]}}