{"id":230168,"date":"2026-02-13T14:10:04","date_gmt":"2026-02-13T14:10:04","guid":{"rendered":"https:\/\/aurellephotography.com\/?post_type=project&#038;p=230168"},"modified":"2026-02-18T16:47:30","modified_gmt":"2026-02-18T16:47:30","slug":"wedding","status":"publish","type":"project","link":"https:\/\/aurellephotography.com\/en\/project\/wedding\/","title":{"rendered":"A &amp; H \u2013 Wedding"},"content":{"rendered":"<p>[et_pb_section fb_built=&#8221;1&#8243; _builder_version=&#8221;4.16&#8243; _module_preset=&#8221;default&#8221; background_enable_color=&#8221;off&#8221; background_image=&#8221;https:\/\/aurellephotography.com\/wp-content\/uploads\/2021\/06\/VivienPro-Hero10-1-scaled-1.jpg&#8221; background_enable_video_mp4=&#8221;off&#8221; global_colors_info=&#8221;{}&#8221;][et_pb_row use_custom_gutter=&#8221;on&#8221; gutter_width=&#8221;1&#8243; make_equal=&#8221;on&#8221; _builder_version=&#8221;4.16&#8243; _module_preset=&#8221;default&#8221; background_enable_color=&#8221;off&#8221; max_width=&#8221;700px&#8221; module_alignment=&#8221;center&#8221; border_color_all=&#8221;#FFFFFF&#8221; global_colors_info=&#8221;{}&#8221;][et_pb_column type=&#8221;4_4&#8243; _builder_version=&#8221;4.16&#8243; _module_preset=&#8221;default&#8221; global_colors_info=&#8221;{}&#8221;][et_pb_text _builder_version=&#8221;4.16&#8243; _module_preset=&#8221;default&#8221; text_font=&#8221;|600|||||||&#8221; text_text_color=&#8221;#9d8a46&#8243; text_font_size=&#8221;12px&#8221; text_letter_spacing=&#8221;2px&#8221; text_line_height=&#8221;2.1em&#8221; header_2_font=&#8221;auteur||||||||&#8221; header_2_text_align=&#8221;center&#8221; header_2_line_height=&#8221;1.3em&#8221; text_orientation=&#8221;center&#8221; global_colors_info=&#8221;{}&#8221;]<\/p>\n<p><strong>A &amp; H &#8211; MARIAGE CIVIL<\/strong><\/p>\n<p>[\/et_pb_text][et_pb_divider color=&#8221;#000000&#8243; _builder_version=&#8221;4.16&#8243; _module_preset=&#8221;default&#8221; width=&#8221;20%&#8221; module_alignment=&#8221;center&#8221; global_colors_info=&#8221;{}&#8221;][\/et_pb_divider][\/et_pb_column][\/et_pb_row][\/et_pb_section][et_pb_section fb_built=&#8221;1&#8243; module_id=&#8221;ancla2&#8243; _builder_version=&#8221;4.16&#8243; _module_preset=&#8221;default&#8221; background_color=&#8221;#FFFFFF&#8221; custom_padding=&#8221;16px|||||&#8221; global_colors_info=&#8221;{}&#8221;][et_pb_row _builder_version=&#8221;4.16&#8243; _module_preset=&#8221;default&#8221; global_colors_info=&#8221;{}&#8221;][et_pb_column type=&#8221;4_4&#8243; _builder_version=&#8221;4.16&#8243; _module_preset=&#8221;default&#8221; global_colors_info=&#8221;{}&#8221;][et_pb_text _builder_version=&#8221;4.24.2&#8243; _module_preset=&#8221;default&#8221; header_2_text_align=&#8221;center&#8221; text_orientation=&#8221;center&#8221; custom_padding=&#8221;0px||1px|||&#8221; global_colors_info=&#8221;{}&#8221;]<\/p>\n<p>Le mariage civil de A &amp; H en r\u00e9gion parisienne capture toute la po\u00e9sie d\u2019une union intime et \u00e9l\u00e9gante. Entre sourires complices, d\u00e9tails raffin\u00e9s et ambiance urbaine empreinte de douceur, ce reportage met en lumi\u00e8re la beaut\u00e9 simple et sinc\u00e8re de l\u2019amour.<\/p>\n<p>[\/et_pb_text][\/et_pb_column][\/et_pb_row][et_pb_row column_structure=&#8221;1_2,1_2&#8243; _builder_version=&#8221;4.16&#8243; _module_preset=&#8221;default&#8221; global_colors_info=&#8221;{}&#8221;][et_pb_column type=&#8221;1_2&#8243; _builder_version=&#8221;4.16&#8243; _module_preset=&#8221;default&#8221; global_colors_info=&#8221;{}&#8221;][et_pb_image src=&#8221;https:\/\/aurellephotography.com\/wp-content\/uploads\/2025\/11\/AH-042.webp&#8221; title_text=&#8221;A&#038;H-042&#8243; _builder_version=&#8221;4.24.2&#8243; _module_preset=&#8221;default&#8221; global_colors_info=&#8221;{}&#8221;][\/et_pb_image][et_pb_image src=&#8221;https:\/\/aurellephotography.com\/wp-content\/uploads\/2025\/11\/AH-105.webp&#8221; title_text=&#8221;A&#038;H-105&#8243; _builder_version=&#8221;4.24.2&#8243; _module_preset=&#8221;default&#8221; global_colors_info=&#8221;{}&#8221;][\/et_pb_image][et_pb_image src=&#8221;https:\/\/aurellephotography.com\/wp-content\/uploads\/2025\/11\/AH-240.webp&#8221; title_text=&#8221;A&#038;H-240&#8243; _builder_version=&#8221;4.24.2&#8243; _module_preset=&#8221;default&#8221; global_colors_info=&#8221;{}&#8221;][\/et_pb_image][et_pb_image src=&#8221;https:\/\/aurellephotography.com\/wp-content\/uploads\/2025\/11\/AH-289.webp&#8221; title_text=&#8221;A&#038;H-289&#8243; _builder_version=&#8221;4.24.2&#8243; _module_preset=&#8221;default&#8221; global_colors_info=&#8221;{}&#8221;][\/et_pb_image][\/et_pb_column][et_pb_column type=&#8221;1_2&#8243; _builder_version=&#8221;4.16&#8243; _module_preset=&#8221;default&#8221; global_colors_info=&#8221;{}&#8221;][et_pb_image src=&#8221;https:\/\/aurellephotography.com\/wp-content\/uploads\/2025\/11\/AH-040.webp&#8221; title_text=&#8221;A&#038;H-040&#8243; _builder_version=&#8221;4.24.2&#8243; _module_preset=&#8221;default&#8221; global_colors_info=&#8221;{}&#8221;][\/et_pb_image][et_pb_image src=&#8221;https:\/\/aurellephotography.com\/wp-content\/uploads\/2025\/11\/AH-266.webp&#8221; title_text=&#8221;A&#038;H-266&#8243; _builder_version=&#8221;4.24.2&#8243; _module_preset=&#8221;default&#8221; global_colors_info=&#8221;{}&#8221;][\/et_pb_image][et_pb_image src=&#8221;https:\/\/aurellephotography.com\/wp-content\/uploads\/2025\/11\/AH-290.webp&#8221; title_text=&#8221;A&#038;H-290&#8243; _builder_version=&#8221;4.24.2&#8243; _module_preset=&#8221;default&#8221; global_colors_info=&#8221;{}&#8221;][\/et_pb_image][et_pb_image src=&#8221;https:\/\/aurellephotography.com\/wp-content\/uploads\/2025\/11\/AH-321.webp&#8221; title_text=&#8221;A&#038;H-321&#8243; _builder_version=&#8221;4.24.2&#8243; _module_preset=&#8221;default&#8221; custom_padding=&#8221;|3px||||&#8221; global_colors_info=&#8221;{}&#8221;][\/et_pb_image][\/et_pb_column][\/et_pb_row][et_pb_row _builder_version=&#8221;4.16&#8243; _module_preset=&#8221;default&#8221; global_colors_info=&#8221;{}&#8221;][et_pb_column type=&#8221;4_4&#8243; _builder_version=&#8221;4.16&#8243; _module_preset=&#8221;default&#8221; global_colors_info=&#8221;{}&#8221;][et_pb_post_nav prev_text=&#8221;GALERIE PRECEDENTE&#8221; next_text=&#8221;GALERIE SUIVANTE&#8221; _builder_version=&#8221;4.24.2&#8243; _module_preset=&#8221;default&#8221; title_letter_spacing=&#8221;1px&#8221; global_colors_info=&#8221;{}&#8221;][\/et_pb_post_nav][\/et_pb_column][\/et_pb_row][\/et_pb_section]<\/p>\n","protected":false},"excerpt":{"rendered":"<p>A &amp; H &#8211; MARIAGE CIVILLe mariage civil de A &amp; H en r\u00e9gion parisienne capture toute la po\u00e9sie d\u2019une union intime et \u00e9l\u00e9gante. Entre sourires complices, d\u00e9tails raffin\u00e9s et ambiance urbaine empreinte de douceur, ce reportage met en lumi\u00e8re la beaut\u00e9 simple et sinc\u00e8re de l\u2019amour.<\/p>","protected":false},"author":1,"featured_media":230169,"comment_status":"closed","ping_status":"closed","template":"","meta":{"nf_dc_page":"","_et_pb_use_builder":"on","_et_pb_old_content":"","_et_gb_content_width":"","om_disable_all_campaigns":false,"_monsterinsights_skip_tracking":false,"footnotes":""},"project_category":[36],"project_tag":[],"class_list":["post-230168","project","type-project","status-publish","has-post-thumbnail","hentry","project_category-weddings"],"aioseo_notices":[],"aioseo_head":"\n\t\t<!-- All in One SEO Pro 5.0.1.1 - aioseo.com -->\n\t<meta name=\"description\" content=\"Un reportage po\u00e9tique pour couples recherchant un photographe de mariage \u00e9l\u00e9gant et lumineux en Ile-de-France. Un mariage rempli de douceur et d\u2019authenticit\u00e9.\" \/>\n\t<meta name=\"robots\" content=\"max-image-preview:large\" \/>\n\t<meta name=\"author\" content=\"Aurelle\"\/>\n\t<meta name=\"google-site-verification\" content=\"l__nzAj-H2XpTboqc73wxS3CLMFmx0fO99Ubpvxv9EQ\" \/>\n\t<link rel=\"canonical\" href=\"https:\/\/aurellephotography.com\/en\/project\/wedding\/\" \/>\n\t<meta name=\"generator\" content=\"All in One SEO Pro (AIOSEO) 5.0.1.1\" \/>\n\t\t<meta property=\"og:locale\" content=\"en_GB\" \/>\n\t\t<meta property=\"og:site_name\" content=\"Aurelle Photo - Capturez l&#039;\u00e9l\u00e9gance de vos souvenirs\" \/>\n\t\t<meta property=\"og:type\" content=\"article\" \/>\n\t\t<meta property=\"og:title\" content=\"Mariage civil en r\u00e9gion parisienne - Photographe\" \/>\n\t\t<meta property=\"og:description\" content=\"Un reportage po\u00e9tique pour couples recherchant un photographe de mariage \u00e9l\u00e9gant et lumineux en Ile-de-France. Un mariage rempli de douceur et d\u2019authenticit\u00e9.\" \/>\n\t\t<meta property=\"og:url\" content=\"https:\/\/aurellephotography.com\/en\/project\/wedding\/\" \/>\n\t\t<meta property=\"og:image\" content=\"https:\/\/aurellephotography.com\/wp-content\/uploads\/2026\/02\/aurelleearber-6.jpg\" \/>\n\t\t<meta property=\"og:image:secure_url\" content=\"https:\/\/aurellephotography.com\/wp-content\/uploads\/2026\/02\/aurelleearber-6.jpg\" \/>\n\t\t<meta property=\"og:image:width\" content=\"1902\" \/>\n\t\t<meta property=\"og:image:height\" content=\"2319\" \/>\n\t\t<meta property=\"article:published_time\" content=\"2026-02-13T14:10:04+00:00\" \/>\n\t\t<meta property=\"article:modified_time\" content=\"2026-02-18T16:47:30+00:00\" \/>\n\t\t<meta name=\"twitter:card\" content=\"summary_large_image\" \/>\n\t\t<meta name=\"twitter:title\" content=\"Mariage civil en r\u00e9gion parisienne - Photographe\" \/>\n\t\t<meta name=\"twitter:description\" content=\"Un reportage po\u00e9tique pour couples recherchant un photographe de mariage \u00e9l\u00e9gant et lumineux en Ile-de-France. Un mariage rempli de douceur et d\u2019authenticit\u00e9.\" \/>\n\t\t<meta name=\"twitter:image\" content=\"https:\/\/aurellephotography.com\/wp-content\/uploads\/2026\/02\/aurelleearber-6.jpg\" \/>\n\t\t<script type=\"application\/ld+json\" class=\"aioseo-schema\">\n\t\t\t{\"@context\":\"https:\\\/\\\/schema.org\",\"@graph\":[{\"@type\":\"BreadcrumbList\",\"@id\":\"https:\\\/\\\/aurellephotography.com\\\/en\\\/project\\\/wedding\\\/#breadcrumblist\",\"itemListElement\":[{\"@type\":\"ListItem\",\"@id\":\"https:\\\/\\\/aurellephotography.com\\\/en#listItem\",\"position\":1,\"name\":\"Home\",\"item\":\"https:\\\/\\\/aurellephotography.com\\\/en\",\"nextItem\":{\"@type\":\"ListItem\",\"@id\":\"https:\\\/\\\/aurellephotography.com\\\/en\\\/project\\\/#listItem\",\"name\":\"Projects\"}},{\"@type\":\"ListItem\",\"@id\":\"https:\\\/\\\/aurellephotography.com\\\/en\\\/project\\\/#listItem\",\"position\":2,\"name\":\"Projects\",\"item\":\"https:\\\/\\\/aurellephotography.com\\\/en\\\/project\\\/\",\"nextItem\":{\"@type\":\"ListItem\",\"@id\":\"https:\\\/\\\/aurellephotography.com\\\/en\\\/project_category\\\/weddings\\\/#listItem\",\"name\":\"Weddings\"},\"previousItem\":{\"@type\":\"ListItem\",\"@id\":\"https:\\\/\\\/aurellephotography.com\\\/en#listItem\",\"name\":\"Home\"}},{\"@type\":\"ListItem\",\"@id\":\"https:\\\/\\\/aurellephotography.com\\\/en\\\/project_category\\\/weddings\\\/#listItem\",\"position\":3,\"name\":\"Weddings\",\"item\":\"https:\\\/\\\/aurellephotography.com\\\/en\\\/project_category\\\/weddings\\\/\",\"nextItem\":{\"@type\":\"ListItem\",\"@id\":\"https:\\\/\\\/aurellephotography.com\\\/en\\\/project\\\/wedding\\\/#listItem\",\"name\":\"A &#038; H &#8211; Mariage civil\"},\"previousItem\":{\"@type\":\"ListItem\",\"@id\":\"https:\\\/\\\/aurellephotography.com\\\/en\\\/project\\\/#listItem\",\"name\":\"Projects\"}},{\"@type\":\"ListItem\",\"@id\":\"https:\\\/\\\/aurellephotography.com\\\/en\\\/project\\\/wedding\\\/#listItem\",\"position\":4,\"name\":\"A &#038; H &#8211; Mariage civil\",\"previousItem\":{\"@type\":\"ListItem\",\"@id\":\"https:\\\/\\\/aurellephotography.com\\\/en\\\/project_category\\\/weddings\\\/#listItem\",\"name\":\"Weddings\"}}]},{\"@type\":\"Person\",\"@id\":\"https:\\\/\\\/aurellephotography.com\\\/en\\\/#person\",\"name\":\"Aurelle\",\"image\":{\"@type\":\"ImageObject\",\"@id\":\"https:\\\/\\\/aurellephotography.com\\\/en\\\/project\\\/wedding\\\/#personImage\",\"url\":\"https:\\\/\\\/secure.gravatar.com\\\/avatar\\\/c9665595c59439a2267b5b5eec5e4ac58420cd6ff74770cd769a38f5eacd508f?s=96&d=mm&r=g\",\"width\":96,\"height\":96,\"caption\":\"Aurelle\"}},{\"@type\":\"Person\",\"@id\":\"https:\\\/\\\/aurellephotography.com\\\/en\\\/author\\\/aurelle\\\/#author\",\"url\":\"https:\\\/\\\/aurellephotography.com\\\/en\\\/author\\\/aurelle\\\/\",\"name\":\"Aurelle\",\"image\":{\"@type\":\"ImageObject\",\"@id\":\"https:\\\/\\\/aurellephotography.com\\\/en\\\/project\\\/wedding\\\/#authorImage\",\"url\":\"https:\\\/\\\/secure.gravatar.com\\\/avatar\\\/c9665595c59439a2267b5b5eec5e4ac58420cd6ff74770cd769a38f5eacd508f?s=96&d=mm&r=g\",\"width\":96,\"height\":96,\"caption\":\"Aurelle\"}},{\"@type\":\"WebPage\",\"@id\":\"https:\\\/\\\/aurellephotography.com\\\/en\\\/project\\\/wedding\\\/#webpage\",\"url\":\"https:\\\/\\\/aurellephotography.com\\\/en\\\/project\\\/wedding\\\/\",\"name\":\"Mariage civil en r\\u00e9gion parisienne - Photographe\",\"description\":\"Un reportage po\\u00e9tique pour couples recherchant un photographe de mariage \\u00e9l\\u00e9gant et lumineux en Ile-de-France. Un mariage rempli de douceur et d\\u2019authenticit\\u00e9.\",\"inLanguage\":\"en-GB\",\"isPartOf\":{\"@id\":\"https:\\\/\\\/aurellephotography.com\\\/en\\\/#website\"},\"breadcrumb\":{\"@id\":\"https:\\\/\\\/aurellephotography.com\\\/en\\\/project\\\/wedding\\\/#breadcrumblist\"},\"author\":{\"@id\":\"https:\\\/\\\/aurellephotography.com\\\/en\\\/author\\\/aurelle\\\/#author\"},\"creator\":{\"@id\":\"https:\\\/\\\/aurellephotography.com\\\/en\\\/author\\\/aurelle\\\/#author\"},\"image\":{\"@type\":\"ImageObject\",\"url\":\"https:\\\/\\\/aurellephotography.com\\\/wp-content\\\/uploads\\\/2025\\\/10\\\/B-scaled.jpg\",\"@id\":\"https:\\\/\\\/aurellephotography.com\\\/en\\\/project\\\/wedding\\\/#mainImage\",\"width\":1707,\"height\":2560},\"primaryImageOfPage\":{\"@id\":\"https:\\\/\\\/aurellephotography.com\\\/en\\\/project\\\/wedding\\\/#mainImage\"},\"datePublished\":\"2026-02-13T14:10:04+00:00\",\"dateModified\":\"2026-02-18T16:47:30+00:00\"},{\"@type\":\"WebSite\",\"@id\":\"https:\\\/\\\/aurellephotography.com\\\/en\\\/#website\",\"url\":\"https:\\\/\\\/aurellephotography.com\\\/en\\\/\",\"name\":\"Aurelle Photo - mariages et portraits\",\"description\":\"Capturez l'\\u00e9l\\u00e9gance de vos souvenirs\",\"inLanguage\":\"en-GB\",\"publisher\":{\"@id\":\"https:\\\/\\\/aurellephotography.com\\\/en\\\/#person\"}}]}\n\t\t<\/script>\n\t\t<!-- All in One SEO Pro -->\r\n\t\t<title>Mariage civil en r\u00e9gion parisienne - Photographe<\/title>\n\n","aioseo_head_json":{"title":"Mariage civil en r\u00e9gion parisienne - Photographe","description":"Un reportage po\u00e9tique pour couples recherchant un photographe de mariage \u00e9l\u00e9gant et lumineux en Ile-de-France. Un mariage rempli de douceur et d\u2019authenticit\u00e9.","canonical_url":"https:\/\/aurellephotography.com\/en\/project\/wedding\/","robots":"max-image-preview:large","keywords":"","webmasterTools":{"google-site-verification":"l__nzAj-H2XpTboqc73wxS3CLMFmx0fO99Ubpvxv9EQ","miscellaneous":""},"schema":{"@context":"https:\/\/schema.org","@graph":[{"@type":"BreadcrumbList","@id":"https:\/\/aurellephotography.com\/en\/project\/wedding\/#breadcrumblist","itemListElement":[{"@type":"ListItem","@id":"https:\/\/aurellephotography.com\/en#listItem","position":1,"name":"Home","item":"https:\/\/aurellephotography.com\/en","nextItem":{"@type":"ListItem","@id":"https:\/\/aurellephotography.com\/en\/project\/#listItem","name":"Projects"}},{"@type":"ListItem","@id":"https:\/\/aurellephotography.com\/en\/project\/#listItem","position":2,"name":"Projects","item":"https:\/\/aurellephotography.com\/en\/project\/","nextItem":{"@type":"ListItem","@id":"https:\/\/aurellephotography.com\/en\/project_category\/weddings\/#listItem","name":"Weddings"},"previousItem":{"@type":"ListItem","@id":"https:\/\/aurellephotography.com\/en#listItem","name":"Home"}},{"@type":"ListItem","@id":"https:\/\/aurellephotography.com\/en\/project_category\/weddings\/#listItem","position":3,"name":"Weddings","item":"https:\/\/aurellephotography.com\/en\/project_category\/weddings\/","nextItem":{"@type":"ListItem","@id":"https:\/\/aurellephotography.com\/en\/project\/wedding\/#listItem","name":"A &#038; H &#8211; Mariage civil"},"previousItem":{"@type":"ListItem","@id":"https:\/\/aurellephotography.com\/en\/project\/#listItem","name":"Projects"}},{"@type":"ListItem","@id":"https:\/\/aurellephotography.com\/en\/project\/wedding\/#listItem","position":4,"name":"A &#038; H &#8211; Mariage civil","previousItem":{"@type":"ListItem","@id":"https:\/\/aurellephotography.com\/en\/project_category\/weddings\/#listItem","name":"Weddings"}}]},{"@type":"Person","@id":"https:\/\/aurellephotography.com\/en\/#person","name":"Aurelle","image":{"@type":"ImageObject","@id":"https:\/\/aurellephotography.com\/en\/project\/wedding\/#personImage","url":"https:\/\/secure.gravatar.com\/avatar\/c9665595c59439a2267b5b5eec5e4ac58420cd6ff74770cd769a38f5eacd508f?s=96&d=mm&r=g","width":96,"height":96,"caption":"Aurelle"}},{"@type":"Person","@id":"https:\/\/aurellephotography.com\/en\/author\/aurelle\/#author","url":"https:\/\/aurellephotography.com\/en\/author\/aurelle\/","name":"Aurelle","image":{"@type":"ImageObject","@id":"https:\/\/aurellephotography.com\/en\/project\/wedding\/#authorImage","url":"https:\/\/secure.gravatar.com\/avatar\/c9665595c59439a2267b5b5eec5e4ac58420cd6ff74770cd769a38f5eacd508f?s=96&d=mm&r=g","width":96,"height":96,"caption":"Aurelle"}},{"@type":"WebPage","@id":"https:\/\/aurellephotography.com\/en\/project\/wedding\/#webpage","url":"https:\/\/aurellephotography.com\/en\/project\/wedding\/","name":"Mariage civil en r\u00e9gion parisienne - Photographe","description":"Un reportage po\u00e9tique pour couples recherchant un photographe de mariage \u00e9l\u00e9gant et lumineux en Ile-de-France. Un mariage rempli de douceur et d\u2019authenticit\u00e9.","inLanguage":"en-GB","isPartOf":{"@id":"https:\/\/aurellephotography.com\/en\/#website"},"breadcrumb":{"@id":"https:\/\/aurellephotography.com\/en\/project\/wedding\/#breadcrumblist"},"author":{"@id":"https:\/\/aurellephotography.com\/en\/author\/aurelle\/#author"},"creator":{"@id":"https:\/\/aurellephotography.com\/en\/author\/aurelle\/#author"},"image":{"@type":"ImageObject","url":"https:\/\/aurellephotography.com\/wp-content\/uploads\/2025\/10\/B-scaled.jpg","@id":"https:\/\/aurellephotography.com\/en\/project\/wedding\/#mainImage","width":1707,"height":2560},"primaryImageOfPage":{"@id":"https:\/\/aurellephotography.com\/en\/project\/wedding\/#mainImage"},"datePublished":"2026-02-13T14:10:04+00:00","dateModified":"2026-02-18T16:47:30+00:00"},{"@type":"WebSite","@id":"https:\/\/aurellephotography.com\/en\/#website","url":"https:\/\/aurellephotography.com\/en\/","name":"Aurelle Photo - mariages et portraits","description":"Capturez l'\u00e9l\u00e9gance de vos souvenirs","inLanguage":"en-GB","publisher":{"@id":"https:\/\/aurellephotography.com\/en\/#person"}}]},"og:locale":"en_GB","og:site_name":"Aurelle Photo - Capturez l'\u00e9l\u00e9gance de vos souvenirs","og:type":"article","og:title":"Mariage civil en r\u00e9gion parisienne - Photographe","og:description":"Un reportage po\u00e9tique pour couples recherchant un photographe de mariage \u00e9l\u00e9gant et lumineux en Ile-de-France. Un mariage rempli de douceur et d\u2019authenticit\u00e9.","og:url":"https:\/\/aurellephotography.com\/en\/project\/wedding\/","og:image":"https:\/\/aurellephotography.com\/wp-content\/uploads\/2026\/02\/aurelleearber-6.jpg","og:image:secure_url":"https:\/\/aurellephotography.com\/wp-content\/uploads\/2026\/02\/aurelleearber-6.jpg","og:image:width":1902,"og:image:height":2319,"article:published_time":"2026-02-13T14:10:04+00:00","article:modified_time":"2026-02-18T16:47:30+00:00","twitter:card":"summary_large_image","twitter:title":"Mariage civil en r\u00e9gion parisienne - Photographe","twitter:description":"Un reportage po\u00e9tique pour couples recherchant un photographe de mariage \u00e9l\u00e9gant et lumineux en Ile-de-France. Un mariage rempli de douceur et d\u2019authenticit\u00e9.","twitter:image":"https:\/\/aurellephotography.com\/wp-content\/uploads\/2026\/02\/aurelleearber-6.jpg"},"aioseo_meta_data":{"post_id":"230168","title":"Mariage civil en r\u00e9gion parisienne #separator_sa Photographe","description":"Un reportage po\u00e9tique pour couples recherchant un photographe de mariage \u00e9l\u00e9gant et lumineux en Ile-de-France. Un mariage rempli de douceur et d\u2019authenticit\u00e9.","keywords":null,"keyphrases":{"focus":{"keyphrase":"mariage","score":77},"additional":[]},"primary_term":null,"canonical_url":null,"og_title":null,"og_description":null,"og_object_type":"default","og_image_type":"default","og_image_url":null,"og_image_width":null,"og_image_height":null,"og_image_custom_url":null,"og_image_custom_fields":null,"og_video":"","og_custom_url":null,"og_article_section":null,"og_article_tags":null,"twitter_use_og":false,"twitter_card":"default","twitter_image_type":"default","twitter_image_url":null,"twitter_image_custom_url":null,"twitter_image_custom_fields":null,"twitter_title":null,"twitter_description":null,"schema":{"blockGraphs":[],"customGraphs":[],"default":{"data":{"Article":[],"Course":[],"Dataset":[],"FAQPage":[],"Movie":[],"Person":[],"Product":[],"ProductReview":[],"Car":[],"Recipe":[],"Service":[],"SoftwareApplication":[],"WebPage":[]},"graphName":"WebPage","isEnabled":true},"graphs":[]},"schema_type":"default","schema_type_options":null,"pillar_content":false,"robots_default":true,"robots_noindex":false,"robots_noarchive":false,"robots_nosnippet":false,"robots_nofollow":false,"robots_noimageindex":false,"robots_noodp":false,"robots_notranslate":false,"robots_max_snippet":"-1","robots_max_videopreview":"-1","robots_max_imagepreview":"large","priority":null,"frequency":"default","local_seo":null,"seo_analyzer_scan_date":"2026-03-30 22:20:01","breadcrumb_settings":null,"limit_modified_date":false,"open_ai":null,"ai":{"faqs":[],"keyPoints":[],"titles":[],"descriptions":[],"socialPosts":{"email":[],"linkedin":[],"twitter":[],"facebook":[],"instagram":[]}},"created":"2025-10-22 13:57:41","updated":"2026-08-19 01:59:53","focus_keyword":"mariage","additional_keywords":null,"truseo_locale":null},"aioseo_breadcrumb":"<div class=\"aioseo-breadcrumbs\"><span class=\"aioseo-breadcrumb\">\n\t<a href=\"https:\/\/aurellephotography.com\/en\" title=\"Home\">Home<\/a>\n<\/span><span class=\"aioseo-breadcrumb-separator\">|<\/span><span class=\"aioseo-breadcrumb\">\n\t<a href=\"https:\/\/aurellephotography.com\/en\/project\/\" title=\"Projects\">Projects<\/a>\n<\/span><span class=\"aioseo-breadcrumb-separator\">|<\/span><span class=\"aioseo-breadcrumb\">\n\t<a href=\"https:\/\/aurellephotography.com\/en\/project_category\/weddings\/\" title=\"Weddings\">Weddings<\/a>\n<\/span><span class=\"aioseo-breadcrumb-separator\">|<\/span><span class=\"aioseo-breadcrumb\">\n\tA &amp; H \u2013 Mariage civil\n<\/span><\/div>","aioseo_breadcrumb_json":[{"label":"Home","link":"https:\/\/aurellephotography.com\/en"},{"label":"Projects","link":"https:\/\/aurellephotography.com\/en\/project\/"},{"label":"Weddings","link":"https:\/\/aurellephotography.com\/en\/project_category\/weddings\/"},{"label":"A &#038; H &#8211; Mariage civil","link":"https:\/\/aurellephotography.com\/en\/project\/wedding\/"}],"_links":{"self":[{"href":"https:\/\/aurellephotography.com\/en\/wp-json\/wp\/v2\/project\/230168","targetHints":{"allow":["GET"]}}],"collection":[{"href":"https:\/\/aurellephotography.com\/en\/wp-json\/wp\/v2\/project"}],"about":[{"href":"https:\/\/aurellephotography.com\/en\/wp-json\/wp\/v2\/types\/project"}],"author":[{"embeddable":true,"href":"https:\/\/aurellephotography.com\/en\/wp-json\/wp\/v2\/users\/1"}],"replies":[{"embeddable":true,"href":"https:\/\/aurellephotography.com\/en\/wp-json\/wp\/v2\/comments?post=230168"}],"version-history":[{"count":10,"href":"https:\/\/aurellephotography.com\/en\/wp-json\/wp\/v2\/project\/230168\/revisions"}],"predecessor-version":[{"id":230799,"href":"https:\/\/aurellephotography.com\/en\/wp-json\/wp\/v2\/project\/230168\/revisions\/230799"}],"wp:featuredmedia":[{"embeddable":true,"href":"https:\/\/aurellephotography.com\/en\/wp-json\/wp\/v2\/media\/230169"}],"wp:attachment":[{"href":"https:\/\/aurellephotography.com\/en\/wp-json\/wp\/v2\/media?parent=230168"}],"wp:term":[{"taxonomy":"project_category","embeddable":true,"href":"https:\/\/aurellephotography.com\/en\/wp-json\/wp\/v2\/project_category?post=230168"},{"taxonomy":"project_tag","embeddable":true,"href":"https:\/\/aurellephotography.com\/en\/wp-json\/wp\/v2\/project_tag?post=230168"}],"curies":[{"name":"wp","href":"https:\/\/api.w.org\/{rel}","templated":true}]}}