{"id":230330,"date":"2025-06-23T02:41:29","date_gmt":"2025-06-23T02:41:29","guid":{"rendered":"https:\/\/aurellephotography.com\/?post_type=project&#038;p=230330"},"modified":"2026-02-19T10:21:17","modified_gmt":"2026-02-19T10:21:17","slug":"muse-au-musee-rodin","status":"publish","type":"project","link":"https:\/\/aurellephotography.com\/en\/project\/muse-au-musee-rodin\/","title":{"rendered":"Muse at the Rodin Museum"},"content":{"rendered":"<p>[et_pb_section fb_built=&#8221;1&#8243; _builder_version=&#8221;4.16&#8243; _module_preset=&#8221;default&#8221; background_enable_color=&#8221;off&#8221; background_image=&#8221;https:\/\/aurellephotography.com\/wp-content\/uploads\/2021\/06\/VivienPro-Hero10-1-scaled-1.jpg&#8221; background_enable_video_mp4=&#8221;off&#8221; global_colors_info=&#8221;{}&#8221;][et_pb_row use_custom_gutter=&#8221;on&#8221; gutter_width=&#8221;1&#8243; make_equal=&#8221;on&#8221; _builder_version=&#8221;4.16&#8243; _module_preset=&#8221;default&#8221; background_enable_color=&#8221;off&#8221; max_width=&#8221;700px&#8221; module_alignment=&#8221;center&#8221; border_color_all=&#8221;#FFFFFF&#8221; global_colors_info=&#8221;{}&#8221;][et_pb_column type=&#8221;4_4&#8243; _builder_version=&#8221;4.16&#8243; _module_preset=&#8221;default&#8221; global_colors_info=&#8221;{}&#8221;][et_pb_text _builder_version=&#8221;4.24.2&#8243; _module_preset=&#8221;default&#8221; text_font=&#8221;|600|||||||&#8221; text_text_color=&#8221;#9d8a46&#8243; text_font_size=&#8221;12px&#8221; text_letter_spacing=&#8221;2px&#8221; text_line_height=&#8221;2.1em&#8221; header_2_font=&#8221;auteur||||||||&#8221; header_2_text_align=&#8221;center&#8221; header_2_line_height=&#8221;1.3em&#8221; text_orientation=&#8221;center&#8221; global_colors_info=&#8221;{}&#8221;]<\/p>\n<p><strong>MUSE AU MUSEE RODIN<\/strong><\/p>\n<p>[\/et_pb_text][et_pb_divider color=&#8221;#000000&#8243; _builder_version=&#8221;4.16&#8243; _module_preset=&#8221;default&#8221; width=&#8221;20%&#8221; module_alignment=&#8221;center&#8221; global_colors_info=&#8221;{}&#8221;][\/et_pb_divider][\/et_pb_column][\/et_pb_row][\/et_pb_section][et_pb_section fb_built=&#8221;1&#8243; module_id=&#8221;ancla2&#8243; _builder_version=&#8221;4.16&#8243; _module_preset=&#8221;default&#8221; background_color=&#8221;#FFFFFF&#8221; global_colors_info=&#8221;{}&#8221;][et_pb_row _builder_version=&#8221;4.16&#8243; _module_preset=&#8221;default&#8221; global_colors_info=&#8221;{}&#8221;][et_pb_column type=&#8221;4_4&#8243; _builder_version=&#8221;4.16&#8243; _module_preset=&#8221;default&#8221; global_colors_info=&#8221;{}&#8221;][et_pb_text _builder_version=&#8221;4.24.2&#8243; _module_preset=&#8221;default&#8221; header_2_text_align=&#8221;center&#8221; text_orientation=&#8221;center&#8221; global_colors_info=&#8221;{}&#8221;]<\/p>\n<p>Au c\u0153ur du Mus\u00e9e Rodin, le shooting prenait des allures de sc\u00e8ne chor\u00e9graphi\u00e9e. La mod\u00e8le A<span class=\"x1lliihq x1plvlek xryxfnj x1n2onr6 xyejjpt x15dsfln x193iq5w xeuugli x1fj9vlw x13faqbe x1vvkbs x1s928wv xhkezso x1gmr53x x1cpjm7i x1fgarty x1943h6x x1i0vuye xvs91rp xo1l8bm x5n08af x10wh9bi xpm28yp x8viiok x1o7cslx\" style=\"--x---base-line-clamp-line-height: 18px; --x-lineheight: 18px;\" dir=\"auto\">ko Maihama <\/span>avan\u00e7ait avec une \u00e9l\u00e9gance fluide, sa robe noire orn\u00e9e de cercles en mouvement et sa couronne cr\u00e9ant des jeux de lumi\u00e8re \u00e0 chaque pas. Autour d\u2019elle, les sculptures monumentales de Rodin demeuraient immobiles, t\u00e9moins silencieux de cette modernit\u00e9 en pleine effervescence.<\/p>\n<p>Mod\u00e8le : <a href=\"https:\/\/www.instagram.com\/akoako.96\/\">@<span class=\"x1lliihq x193iq5w x6ikm8r x10wlt62 xlyipyv xuxw1ft\">akoako.96<\/span><\/a><\/p>\n<p>[\/et_pb_text][\/et_pb_column][\/et_pb_row][et_pb_row column_structure=&#8221;1_2,1_2&#8243; _builder_version=&#8221;4.16&#8243; _module_preset=&#8221;default&#8221; global_colors_info=&#8221;{}&#8221;][et_pb_column type=&#8221;1_2&#8243; _builder_version=&#8221;4.16&#8243; _module_preset=&#8221;default&#8221; global_colors_info=&#8221;{}&#8221;][et_pb_image src=&#8221;https:\/\/aurellephotography.com\/wp-content\/uploads\/2025\/12\/IMG_2040-min.webp&#8221; title_text=&#8221;IMG_2040-min&#8221; _builder_version=&#8221;4.24.2&#8243; _module_preset=&#8221;default&#8221; global_colors_info=&#8221;{}&#8221;][\/et_pb_image][\/et_pb_column][et_pb_column type=&#8221;1_2&#8243; _builder_version=&#8221;4.24.2&#8243; _module_preset=&#8221;default&#8221; global_colors_info=&#8221;{}&#8221;][et_pb_image src=&#8221;https:\/\/aurellephotography.com\/wp-content\/uploads\/2025\/12\/IMG_2189-min.webp&#8221; title_text=&#8221;IMG_2189-min&#8221; _builder_version=&#8221;4.24.2&#8243; _module_preset=&#8221;default&#8221; global_colors_info=&#8221;{}&#8221;][\/et_pb_image][\/et_pb_column][\/et_pb_row][\/et_pb_section]<\/p>\n","protected":false},"excerpt":{"rendered":"<p>MUSE AU MUSEE RODINAu c\u0153ur du Mus\u00e9e Rodin, le shooting prenait des allures de sc\u00e8ne chor\u00e9graphi\u00e9e. La mod\u00e8le Ako Maihama avan\u00e7ait avec une \u00e9l\u00e9gance fluide, sa robe noire orn\u00e9e de cercles en mouvement et sa couronne cr\u00e9ant des jeux de lumi\u00e8re \u00e0 chaque pas. Autour d\u2019elle, les sculptures monumentales de Rodin demeuraient immobiles, t\u00e9moins silencieux [&hellip;]<\/p>\n","protected":false},"author":1,"featured_media":230331,"comment_status":"closed","ping_status":"closed","template":"","meta":{"nf_dc_page":"","_et_pb_use_builder":"on","_et_pb_old_content":"","_et_gb_content_width":"","om_disable_all_campaigns":false,"_monsterinsights_skip_tracking":false,"footnotes":""},"project_category":[18],"project_tag":[],"class_list":["post-230330","project","type-project","status-publish","has-post-thumbnail","hentry","project_category-portraits"],"aioseo_notices":[],"aioseo_head":"\n\t\t<!-- All in One SEO Pro 5.0.1.1 - aioseo.com -->\n\t<meta name=\"description\" content=\"Entre ombre et lumi\u00e8re, ce photoshoot au Mus\u00e9e Rodin c\u00e9l\u00e8bre la beaut\u00e9 sculpturale et la d\u00e9licatesse d\u2019une muse moderne, entre art, mouvement et \u00e9motion.\" \/>\n\t<meta name=\"robots\" content=\"max-image-preview:large\" \/>\n\t<meta name=\"author\" content=\"Aurelle\"\/>\n\t<meta name=\"google-site-verification\" content=\"l__nzAj-H2XpTboqc73wxS3CLMFmx0fO99Ubpvxv9EQ\" \/>\n\t<link rel=\"canonical\" href=\"https:\/\/aurellephotography.com\/en\/project\/muse-au-musee-rodin\/\" \/>\n\t<meta name=\"generator\" content=\"All in One SEO Pro (AIOSEO) 5.0.1.1\" \/>\n\t\t<meta property=\"og:locale\" content=\"en_GB\" \/>\n\t\t<meta property=\"og:site_name\" content=\"Aurelle Photo - Capturez l&#039;\u00e9l\u00e9gance de vos souvenirs\" \/>\n\t\t<meta property=\"og:type\" content=\"article\" \/>\n\t\t<meta property=\"og:title\" content=\"Muse au mus\u00e9e Rodin - Photographe\" \/>\n\t\t<meta property=\"og:description\" content=\"Entre ombre et lumi\u00e8re, ce photoshoot au Mus\u00e9e Rodin c\u00e9l\u00e8bre la beaut\u00e9 sculpturale et la d\u00e9licatesse d\u2019une muse moderne, entre art, mouvement et \u00e9motion.\" \/>\n\t\t<meta property=\"og:url\" content=\"https:\/\/aurellephotography.com\/en\/project\/muse-au-musee-rodin\/\" \/>\n\t\t<meta property=\"og:image\" content=\"https:\/\/aurellephotography.com\/wp-content\/uploads\/2026\/02\/aurelleearber-6.jpg\" \/>\n\t\t<meta property=\"og:image:secure_url\" content=\"https:\/\/aurellephotography.com\/wp-content\/uploads\/2026\/02\/aurelleearber-6.jpg\" \/>\n\t\t<meta property=\"og:image:width\" content=\"1902\" \/>\n\t\t<meta property=\"og:image:height\" content=\"2319\" \/>\n\t\t<meta property=\"article:published_time\" content=\"2025-06-23T02:41:29+00:00\" \/>\n\t\t<meta property=\"article:modified_time\" content=\"2026-02-19T10:21:17+00:00\" \/>\n\t\t<meta name=\"twitter:card\" content=\"summary_large_image\" \/>\n\t\t<meta name=\"twitter:title\" content=\"Muse au mus\u00e9e Rodin - Photographe\" \/>\n\t\t<meta name=\"twitter:description\" content=\"Entre ombre et lumi\u00e8re, ce photoshoot au Mus\u00e9e Rodin c\u00e9l\u00e8bre la beaut\u00e9 sculpturale et la d\u00e9licatesse d\u2019une muse moderne, entre art, mouvement et \u00e9motion.\" \/>\n\t\t<meta name=\"twitter:image\" content=\"https:\/\/aurellephotography.com\/wp-content\/uploads\/2026\/02\/aurelleearber-6.jpg\" \/>\n\t\t<script type=\"application\/ld+json\" class=\"aioseo-schema\">\n\t\t\t{\"@context\":\"https:\\\/\\\/schema.org\",\"@graph\":[{\"@type\":\"BreadcrumbList\",\"@id\":\"https:\\\/\\\/aurellephotography.com\\\/en\\\/project\\\/muse-au-musee-rodin\\\/#breadcrumblist\",\"itemListElement\":[{\"@type\":\"ListItem\",\"@id\":\"https:\\\/\\\/aurellephotography.com\\\/en#listItem\",\"position\":1,\"name\":\"Home\",\"item\":\"https:\\\/\\\/aurellephotography.com\\\/en\",\"nextItem\":{\"@type\":\"ListItem\",\"@id\":\"https:\\\/\\\/aurellephotography.com\\\/en\\\/project\\\/#listItem\",\"name\":\"Projects\"}},{\"@type\":\"ListItem\",\"@id\":\"https:\\\/\\\/aurellephotography.com\\\/en\\\/project\\\/#listItem\",\"position\":2,\"name\":\"Projects\",\"item\":\"https:\\\/\\\/aurellephotography.com\\\/en\\\/project\\\/\",\"nextItem\":{\"@type\":\"ListItem\",\"@id\":\"https:\\\/\\\/aurellephotography.com\\\/en\\\/project_category\\\/portraits\\\/#listItem\",\"name\":\"Portraits\"},\"previousItem\":{\"@type\":\"ListItem\",\"@id\":\"https:\\\/\\\/aurellephotography.com\\\/en#listItem\",\"name\":\"Home\"}},{\"@type\":\"ListItem\",\"@id\":\"https:\\\/\\\/aurellephotography.com\\\/en\\\/project_category\\\/portraits\\\/#listItem\",\"position\":3,\"name\":\"Portraits\",\"item\":\"https:\\\/\\\/aurellephotography.com\\\/en\\\/project_category\\\/portraits\\\/\",\"nextItem\":{\"@type\":\"ListItem\",\"@id\":\"https:\\\/\\\/aurellephotography.com\\\/en\\\/project\\\/muse-au-musee-rodin\\\/#listItem\",\"name\":\"Muse au mus\\u00e9e Rodin\"},\"previousItem\":{\"@type\":\"ListItem\",\"@id\":\"https:\\\/\\\/aurellephotography.com\\\/en\\\/project\\\/#listItem\",\"name\":\"Projects\"}},{\"@type\":\"ListItem\",\"@id\":\"https:\\\/\\\/aurellephotography.com\\\/en\\\/project\\\/muse-au-musee-rodin\\\/#listItem\",\"position\":4,\"name\":\"Muse au mus\\u00e9e Rodin\",\"previousItem\":{\"@type\":\"ListItem\",\"@id\":\"https:\\\/\\\/aurellephotography.com\\\/en\\\/project_category\\\/portraits\\\/#listItem\",\"name\":\"Portraits\"}}]},{\"@type\":\"Person\",\"@id\":\"https:\\\/\\\/aurellephotography.com\\\/en\\\/#person\",\"name\":\"Aurelle\",\"image\":{\"@type\":\"ImageObject\",\"@id\":\"https:\\\/\\\/aurellephotography.com\\\/en\\\/project\\\/muse-au-musee-rodin\\\/#personImage\",\"url\":\"https:\\\/\\\/secure.gravatar.com\\\/avatar\\\/c9665595c59439a2267b5b5eec5e4ac58420cd6ff74770cd769a38f5eacd508f?s=96&d=mm&r=g\",\"width\":96,\"height\":96,\"caption\":\"Aurelle\"}},{\"@type\":\"Person\",\"@id\":\"https:\\\/\\\/aurellephotography.com\\\/en\\\/author\\\/aurelle\\\/#author\",\"url\":\"https:\\\/\\\/aurellephotography.com\\\/en\\\/author\\\/aurelle\\\/\",\"name\":\"Aurelle\",\"image\":{\"@type\":\"ImageObject\",\"@id\":\"https:\\\/\\\/aurellephotography.com\\\/en\\\/project\\\/muse-au-musee-rodin\\\/#authorImage\",\"url\":\"https:\\\/\\\/secure.gravatar.com\\\/avatar\\\/c9665595c59439a2267b5b5eec5e4ac58420cd6ff74770cd769a38f5eacd508f?s=96&d=mm&r=g\",\"width\":96,\"height\":96,\"caption\":\"Aurelle\"}},{\"@type\":\"WebPage\",\"@id\":\"https:\\\/\\\/aurellephotography.com\\\/en\\\/project\\\/muse-au-musee-rodin\\\/#webpage\",\"url\":\"https:\\\/\\\/aurellephotography.com\\\/en\\\/project\\\/muse-au-musee-rodin\\\/\",\"name\":\"Muse au mus\\u00e9e Rodin - Photographe\",\"description\":\"Entre ombre et lumi\\u00e8re, ce photoshoot au Mus\\u00e9e Rodin c\\u00e9l\\u00e8bre la beaut\\u00e9 sculpturale et la d\\u00e9licatesse d\\u2019une muse moderne, entre art, mouvement et \\u00e9motion.\",\"inLanguage\":\"en-GB\",\"isPartOf\":{\"@id\":\"https:\\\/\\\/aurellephotography.com\\\/en\\\/#website\"},\"breadcrumb\":{\"@id\":\"https:\\\/\\\/aurellephotography.com\\\/en\\\/project\\\/muse-au-musee-rodin\\\/#breadcrumblist\"},\"author\":{\"@id\":\"https:\\\/\\\/aurellephotography.com\\\/en\\\/author\\\/aurelle\\\/#author\"},\"creator\":{\"@id\":\"https:\\\/\\\/aurellephotography.com\\\/en\\\/author\\\/aurelle\\\/#author\"},\"image\":{\"@type\":\"ImageObject\",\"url\":\"https:\\\/\\\/aurellephotography.com\\\/wp-content\\\/uploads\\\/2025\\\/10\\\/IMG_2065-min.webp\",\"@id\":\"https:\\\/\\\/aurellephotography.com\\\/en\\\/project\\\/muse-au-musee-rodin\\\/#mainImage\",\"width\":1877,\"height\":2560,\"caption\":\"asiatique devant mus\\u00e9e paris fashion\"},\"primaryImageOfPage\":{\"@id\":\"https:\\\/\\\/aurellephotography.com\\\/en\\\/project\\\/muse-au-musee-rodin\\\/#mainImage\"},\"datePublished\":\"2025-06-23T02:41:29+00:00\",\"dateModified\":\"2026-02-19T10:21:17+00:00\"},{\"@type\":\"WebSite\",\"@id\":\"https:\\\/\\\/aurellephotography.com\\\/en\\\/#website\",\"url\":\"https:\\\/\\\/aurellephotography.com\\\/en\\\/\",\"name\":\"Aurelle Photo - mariages et portraits\",\"description\":\"Capturez l'\\u00e9l\\u00e9gance de vos souvenirs\",\"inLanguage\":\"en-GB\",\"publisher\":{\"@id\":\"https:\\\/\\\/aurellephotography.com\\\/en\\\/#person\"}}]}\n\t\t<\/script>\n\t\t<!-- All in One SEO Pro -->\r\n\t\t<title>Muse au mus\u00e9e Rodin - Photographe<\/title>\n\n","aioseo_head_json":{"title":"Muse au mus\u00e9e Rodin - Photographe","description":"Entre ombre et lumi\u00e8re, ce photoshoot au Mus\u00e9e Rodin c\u00e9l\u00e8bre la beaut\u00e9 sculpturale et la d\u00e9licatesse d\u2019une muse moderne, entre art, mouvement et \u00e9motion.","canonical_url":"https:\/\/aurellephotography.com\/en\/project\/muse-au-musee-rodin\/","robots":"max-image-preview:large","keywords":"","webmasterTools":{"google-site-verification":"l__nzAj-H2XpTboqc73wxS3CLMFmx0fO99Ubpvxv9EQ","miscellaneous":""},"schema":{"@context":"https:\/\/schema.org","@graph":[{"@type":"BreadcrumbList","@id":"https:\/\/aurellephotography.com\/en\/project\/muse-au-musee-rodin\/#breadcrumblist","itemListElement":[{"@type":"ListItem","@id":"https:\/\/aurellephotography.com\/en#listItem","position":1,"name":"Home","item":"https:\/\/aurellephotography.com\/en","nextItem":{"@type":"ListItem","@id":"https:\/\/aurellephotography.com\/en\/project\/#listItem","name":"Projects"}},{"@type":"ListItem","@id":"https:\/\/aurellephotography.com\/en\/project\/#listItem","position":2,"name":"Projects","item":"https:\/\/aurellephotography.com\/en\/project\/","nextItem":{"@type":"ListItem","@id":"https:\/\/aurellephotography.com\/en\/project_category\/portraits\/#listItem","name":"Portraits"},"previousItem":{"@type":"ListItem","@id":"https:\/\/aurellephotography.com\/en#listItem","name":"Home"}},{"@type":"ListItem","@id":"https:\/\/aurellephotography.com\/en\/project_category\/portraits\/#listItem","position":3,"name":"Portraits","item":"https:\/\/aurellephotography.com\/en\/project_category\/portraits\/","nextItem":{"@type":"ListItem","@id":"https:\/\/aurellephotography.com\/en\/project\/muse-au-musee-rodin\/#listItem","name":"Muse au mus\u00e9e Rodin"},"previousItem":{"@type":"ListItem","@id":"https:\/\/aurellephotography.com\/en\/project\/#listItem","name":"Projects"}},{"@type":"ListItem","@id":"https:\/\/aurellephotography.com\/en\/project\/muse-au-musee-rodin\/#listItem","position":4,"name":"Muse au mus\u00e9e Rodin","previousItem":{"@type":"ListItem","@id":"https:\/\/aurellephotography.com\/en\/project_category\/portraits\/#listItem","name":"Portraits"}}]},{"@type":"Person","@id":"https:\/\/aurellephotography.com\/en\/#person","name":"Aurelle","image":{"@type":"ImageObject","@id":"https:\/\/aurellephotography.com\/en\/project\/muse-au-musee-rodin\/#personImage","url":"https:\/\/secure.gravatar.com\/avatar\/c9665595c59439a2267b5b5eec5e4ac58420cd6ff74770cd769a38f5eacd508f?s=96&d=mm&r=g","width":96,"height":96,"caption":"Aurelle"}},{"@type":"Person","@id":"https:\/\/aurellephotography.com\/en\/author\/aurelle\/#author","url":"https:\/\/aurellephotography.com\/en\/author\/aurelle\/","name":"Aurelle","image":{"@type":"ImageObject","@id":"https:\/\/aurellephotography.com\/en\/project\/muse-au-musee-rodin\/#authorImage","url":"https:\/\/secure.gravatar.com\/avatar\/c9665595c59439a2267b5b5eec5e4ac58420cd6ff74770cd769a38f5eacd508f?s=96&d=mm&r=g","width":96,"height":96,"caption":"Aurelle"}},{"@type":"WebPage","@id":"https:\/\/aurellephotography.com\/en\/project\/muse-au-musee-rodin\/#webpage","url":"https:\/\/aurellephotography.com\/en\/project\/muse-au-musee-rodin\/","name":"Muse au mus\u00e9e Rodin - Photographe","description":"Entre ombre et lumi\u00e8re, ce photoshoot au Mus\u00e9e Rodin c\u00e9l\u00e8bre la beaut\u00e9 sculpturale et la d\u00e9licatesse d\u2019une muse moderne, entre art, mouvement et \u00e9motion.","inLanguage":"en-GB","isPartOf":{"@id":"https:\/\/aurellephotography.com\/en\/#website"},"breadcrumb":{"@id":"https:\/\/aurellephotography.com\/en\/project\/muse-au-musee-rodin\/#breadcrumblist"},"author":{"@id":"https:\/\/aurellephotography.com\/en\/author\/aurelle\/#author"},"creator":{"@id":"https:\/\/aurellephotography.com\/en\/author\/aurelle\/#author"},"image":{"@type":"ImageObject","url":"https:\/\/aurellephotography.com\/wp-content\/uploads\/2025\/10\/IMG_2065-min.webp","@id":"https:\/\/aurellephotography.com\/en\/project\/muse-au-musee-rodin\/#mainImage","width":1877,"height":2560,"caption":"asiatique devant mus\u00e9e paris fashion"},"primaryImageOfPage":{"@id":"https:\/\/aurellephotography.com\/en\/project\/muse-au-musee-rodin\/#mainImage"},"datePublished":"2025-06-23T02:41:29+00:00","dateModified":"2026-02-19T10:21:17+00:00"},{"@type":"WebSite","@id":"https:\/\/aurellephotography.com\/en\/#website","url":"https:\/\/aurellephotography.com\/en\/","name":"Aurelle Photo - mariages et portraits","description":"Capturez l'\u00e9l\u00e9gance de vos souvenirs","inLanguage":"en-GB","publisher":{"@id":"https:\/\/aurellephotography.com\/en\/#person"}}]},"og:locale":"en_GB","og:site_name":"Aurelle Photo - Capturez l'\u00e9l\u00e9gance de vos souvenirs","og:type":"article","og:title":"Muse au mus\u00e9e Rodin - Photographe","og:description":"Entre ombre et lumi\u00e8re, ce photoshoot au Mus\u00e9e Rodin c\u00e9l\u00e8bre la beaut\u00e9 sculpturale et la d\u00e9licatesse d\u2019une muse moderne, entre art, mouvement et \u00e9motion.","og:url":"https:\/\/aurellephotography.com\/en\/project\/muse-au-musee-rodin\/","og:image":"https:\/\/aurellephotography.com\/wp-content\/uploads\/2026\/02\/aurelleearber-6.jpg","og:image:secure_url":"https:\/\/aurellephotography.com\/wp-content\/uploads\/2026\/02\/aurelleearber-6.jpg","og:image:width":1902,"og:image:height":2319,"article:published_time":"2025-06-23T02:41:29+00:00","article:modified_time":"2026-02-19T10:21:17+00:00","twitter:card":"summary_large_image","twitter:title":"Muse au mus\u00e9e Rodin - Photographe","twitter:description":"Entre ombre et lumi\u00e8re, ce photoshoot au Mus\u00e9e Rodin c\u00e9l\u00e8bre la beaut\u00e9 sculpturale et la d\u00e9licatesse d\u2019une muse moderne, entre art, mouvement et \u00e9motion.","twitter:image":"https:\/\/aurellephotography.com\/wp-content\/uploads\/2026\/02\/aurelleearber-6.jpg"},"aioseo_meta_data":{"post_id":"230330","title":"Muse au mus\u00e9e Rodin #separator_sa Photographe","description":"Entre ombre et lumi\u00e8re, ce photoshoot au Mus\u00e9e Rodin c\u00e9l\u00e8bre la beaut\u00e9 sculpturale et la d\u00e9licatesse d\u2019une muse moderne, entre art, mouvement et \u00e9motion.","keywords":null,"keyphrases":{"focus":[],"additional":[]},"primary_term":null,"canonical_url":null,"og_title":null,"og_description":null,"og_object_type":"default","og_image_type":"default","og_image_url":null,"og_image_width":null,"og_image_height":null,"og_image_custom_url":null,"og_image_custom_fields":null,"og_video":"","og_custom_url":null,"og_article_section":null,"og_article_tags":null,"twitter_use_og":false,"twitter_card":"default","twitter_image_type":"default","twitter_image_url":null,"twitter_image_custom_url":null,"twitter_image_custom_fields":null,"twitter_title":null,"twitter_description":null,"schema":{"blockGraphs":[],"customGraphs":[],"default":{"data":{"Article":[],"Course":[],"Dataset":[],"FAQPage":[],"Movie":[],"Person":[],"Product":[],"ProductReview":[],"Car":[],"Recipe":[],"Service":[],"SoftwareApplication":[],"WebPage":[]},"graphName":"WebPage","isEnabled":true},"graphs":[]},"schema_type":"default","schema_type_options":null,"pillar_content":false,"robots_default":true,"robots_noindex":false,"robots_noarchive":false,"robots_nosnippet":false,"robots_nofollow":false,"robots_noimageindex":false,"robots_noodp":false,"robots_notranslate":false,"robots_max_snippet":"-1","robots_max_videopreview":"-1","robots_max_imagepreview":"large","priority":null,"frequency":"default","local_seo":null,"seo_analyzer_scan_date":"2026-03-30 22:16:33","breadcrumb_settings":null,"limit_modified_date":false,"open_ai":null,"ai":{"faqs":[],"keyPoints":[],"titles":[],"descriptions":[],"socialPosts":{"email":[],"linkedin":[],"twitter":[],"facebook":[],"instagram":[]}},"created":"2025-10-23 02:34:10","updated":"2026-08-19 01:59:55","focus_keyword":null,"additional_keywords":null,"truseo_locale":null},"aioseo_breadcrumb":"<div class=\"aioseo-breadcrumbs\"><span class=\"aioseo-breadcrumb\">\n\t<a href=\"https:\/\/aurellephotography.com\/en\" title=\"Home\">Home<\/a>\n<\/span><span class=\"aioseo-breadcrumb-separator\">|<\/span><span class=\"aioseo-breadcrumb\">\n\t<a href=\"https:\/\/aurellephotography.com\/en\/project\/\" title=\"Projects\">Projects<\/a>\n<\/span><span class=\"aioseo-breadcrumb-separator\">|<\/span><span class=\"aioseo-breadcrumb\">\n\t<a href=\"https:\/\/aurellephotography.com\/en\/project_category\/portraits\/\" title=\"Portraits\">Portraits<\/a>\n<\/span><span class=\"aioseo-breadcrumb-separator\">|<\/span><span class=\"aioseo-breadcrumb\">\n\tMuse au mus\u00e9e Rodin\n<\/span><\/div>","aioseo_breadcrumb_json":[{"label":"Home","link":"https:\/\/aurellephotography.com\/en"},{"label":"Projects","link":"https:\/\/aurellephotography.com\/en\/project\/"},{"label":"Portraits","link":"https:\/\/aurellephotography.com\/en\/project_category\/portraits\/"},{"label":"Muse au mus\u00e9e Rodin","link":"https:\/\/aurellephotography.com\/en\/project\/muse-au-musee-rodin\/"}],"_links":{"self":[{"href":"https:\/\/aurellephotography.com\/en\/wp-json\/wp\/v2\/project\/230330","targetHints":{"allow":["GET"]}}],"collection":[{"href":"https:\/\/aurellephotography.com\/en\/wp-json\/wp\/v2\/project"}],"about":[{"href":"https:\/\/aurellephotography.com\/en\/wp-json\/wp\/v2\/types\/project"}],"author":[{"embeddable":true,"href":"https:\/\/aurellephotography.com\/en\/wp-json\/wp\/v2\/users\/1"}],"replies":[{"embeddable":true,"href":"https:\/\/aurellephotography.com\/en\/wp-json\/wp\/v2\/comments?post=230330"}],"version-history":[{"count":9,"href":"https:\/\/aurellephotography.com\/en\/wp-json\/wp\/v2\/project\/230330\/revisions"}],"predecessor-version":[{"id":230895,"href":"https:\/\/aurellephotography.com\/en\/wp-json\/wp\/v2\/project\/230330\/revisions\/230895"}],"wp:featuredmedia":[{"embeddable":true,"href":"https:\/\/aurellephotography.com\/en\/wp-json\/wp\/v2\/media\/230331"}],"wp:attachment":[{"href":"https:\/\/aurellephotography.com\/en\/wp-json\/wp\/v2\/media?parent=230330"}],"wp:term":[{"taxonomy":"project_category","embeddable":true,"href":"https:\/\/aurellephotography.com\/en\/wp-json\/wp\/v2\/project_category?post=230330"},{"taxonomy":"project_tag","embeddable":true,"href":"https:\/\/aurellephotography.com\/en\/wp-json\/wp\/v2\/project_tag?post=230330"}],"curies":[{"name":"wp","href":"https:\/\/api.w.org\/{rel}","templated":true}]}}