{"id":230386,"date":"2025-05-01T03:56:35","date_gmt":"2025-05-01T03:56:35","guid":{"rendered":"https:\/\/aurellephotography.com\/?post_type=project&#038;p=230386"},"modified":"2025-10-23T03:58:45","modified_gmt":"2025-10-23T03:58:45","slug":"shooting-mode","status":"publish","type":"project","link":"https:\/\/aurellephotography.com\/en\/project\/shooting-mode\/","title":{"rendered":"Golden sparkle"},"content":{"rendered":"\n[et_pb_section fb_built=&#8221;1&#8243; _builder_version=&#8221;4.16&#8243; _module_preset=&#8221;default&#8221; background_enable_color=&#8221;off&#8221; background_image=&#8221;https:\/\/aurellephotography.com\/wp-content\/uploads\/2021\/06\/VivienPro-Hero10-1-scaled-1.jpg&#8221; background_enable_video_mp4=&#8221;off&#8221; global_colors_info=&#8221;{}&#8221; theme_builder_area=&#8221;post_content&#8221;][et_pb_row use_custom_gutter=&#8221;on&#8221; gutter_width=&#8221;1&#8243; make_equal=&#8221;on&#8221; _builder_version=&#8221;4.16&#8243; _module_preset=&#8221;default&#8221; background_enable_color=&#8221;off&#8221; max_width=&#8221;700px&#8221; module_alignment=&#8221;center&#8221; border_color_all=&#8221;#FFFFFF&#8221; global_colors_info=&#8221;{}&#8221; theme_builder_area=&#8221;post_content&#8221;][et_pb_column type=&#8221;4_4&#8243; _builder_version=&#8221;4.16&#8243; _module_preset=&#8221;default&#8221; global_colors_info=&#8221;{}&#8221; theme_builder_area=&#8221;post_content&#8221;][et_pb_text _builder_version=&#8221;4.24.2&#8243; _module_preset=&#8221;default&#8221; text_font=&#8221;|600|||||||&#8221; text_text_color=&#8221;#9d8a46&#8243; text_font_size=&#8221;12px&#8221; text_letter_spacing=&#8221;2px&#8221; text_line_height=&#8221;2.1em&#8221; header_2_font=&#8221;auteur||||||||&#8221; header_2_text_align=&#8221;center&#8221; header_2_line_height=&#8221;1.3em&#8221; text_orientation=&#8221;center&#8221; hover_enabled=&#8221;0&#8243; global_colors_info=&#8221;{}&#8221; theme_builder_area=&#8221;post_content&#8221; sticky_enabled=&#8221;0&#8243;]<p><strong>\u00c9CLATS DOR\u00c9S<\/strong><\/p>[\/et_pb_text][et_pb_divider color=&#8221;#000000&#8243; _builder_version=&#8221;4.16&#8243; _module_preset=&#8221;default&#8221; width=&#8221;20%&#8221; module_alignment=&#8221;center&#8221; global_colors_info=&#8221;{}&#8221; theme_builder_area=&#8221;post_content&#8221;][\/et_pb_divider][\/et_pb_column][\/et_pb_row][\/et_pb_section][et_pb_section fb_built=&#8221;1&#8243; module_id=&#8221;ancla2&#8243; _builder_version=&#8221;4.16&#8243; _module_preset=&#8221;default&#8221; background_color=&#8221;#FFFFFF&#8221; global_colors_info=&#8221;{}&#8221; theme_builder_area=&#8221;post_content&#8221;][et_pb_row _builder_version=&#8221;4.16&#8243; _module_preset=&#8221;default&#8221; global_colors_info=&#8221;{}&#8221; theme_builder_area=&#8221;post_content&#8221;][et_pb_column type=&#8221;4_4&#8243; _builder_version=&#8221;4.16&#8243; _module_preset=&#8221;default&#8221; global_colors_info=&#8221;{}&#8221; theme_builder_area=&#8221;post_content&#8221;][et_pb_text _builder_version=&#8221;4.24.2&#8243; _module_preset=&#8221;default&#8221; header_2_text_align=&#8221;center&#8221; text_orientation=&#8221;center&#8221; hover_enabled=&#8221;0&#8243; global_colors_info=&#8221;{}&#8221; theme_builder_area=&#8221;post_content&#8221; sticky_enabled=&#8221;0&#8243;]<p>COMING SOON<\/p>[\/et_pb_text][\/et_pb_column][\/et_pb_row][\/et_pb_section]\n","protected":false},"excerpt":{"rendered":"<p>\u00c9CLATS DOR\u00c9SCOMING SOON<\/p>","protected":false},"author":1,"featured_media":230387,"comment_status":"closed","ping_status":"closed","template":"","meta":{"nf_dc_page":"","_et_pb_use_builder":"on","_et_pb_old_content":"","_et_gb_content_width":"","om_disable_all_campaigns":false,"_monsterinsights_skip_tracking":false,"footnotes":""},"project_category":[18],"project_tag":[],"class_list":["post-230386","project","type-project","status-publish","has-post-thumbnail","hentry","project_category-portraits"],"aioseo_notices":[],"aioseo_head":"\n\t\t<!-- All in One SEO Pro 5.0.1.1 - aioseo.com -->\n\t<meta name=\"description\" content=\"Au c\u0153ur du quartier d\u2019affaires parisien, ce shooting photo explore le contraste entre modernit\u00e9 architecturale et \u00e9clat dor\u00e9.\" \/>\n\t<meta name=\"robots\" content=\"max-image-preview:large\" \/>\n\t<meta name=\"author\" content=\"Aurelle\"\/>\n\t<meta name=\"google-site-verification\" content=\"l__nzAj-H2XpTboqc73wxS3CLMFmx0fO99Ubpvxv9EQ\" \/>\n\t<link rel=\"canonical\" href=\"https:\/\/aurellephotography.com\/en\/project\/shooting-mode\/\" \/>\n\t<meta name=\"generator\" content=\"All in One SEO Pro (AIOSEO) 5.0.1.1\" \/>\n\t\t<meta property=\"og:locale\" content=\"en_GB\" \/>\n\t\t<meta property=\"og:site_name\" content=\"Aurelle Photo - Capturez l&#039;\u00e9l\u00e9gance de vos souvenirs\" \/>\n\t\t<meta property=\"og:type\" content=\"article\" \/>\n\t\t<meta property=\"og:title\" content=\"Shooting mode dor\u00e9 \u00e0 La D\u00e9fense - Photographe portrait\" \/>\n\t\t<meta property=\"og:description\" content=\"Au c\u0153ur du quartier d\u2019affaires parisien, ce shooting photo explore le contraste entre modernit\u00e9 architecturale et \u00e9clat dor\u00e9.\" \/>\n\t\t<meta property=\"og:url\" content=\"https:\/\/aurellephotography.com\/en\/project\/shooting-mode\/\" \/>\n\t\t<meta property=\"og:image\" content=\"https:\/\/aurellephotography.com\/wp-content\/uploads\/2026\/02\/aurelleearber-6.jpg\" \/>\n\t\t<meta property=\"og:image:secure_url\" content=\"https:\/\/aurellephotography.com\/wp-content\/uploads\/2026\/02\/aurelleearber-6.jpg\" \/>\n\t\t<meta property=\"og:image:width\" content=\"1902\" \/>\n\t\t<meta property=\"og:image:height\" content=\"2319\" \/>\n\t\t<meta property=\"article:published_time\" content=\"2025-05-01T03:56:35+00:00\" \/>\n\t\t<meta property=\"article:modified_time\" content=\"2025-10-23T03:58:45+00:00\" \/>\n\t\t<meta name=\"twitter:card\" content=\"summary_large_image\" \/>\n\t\t<meta name=\"twitter:title\" content=\"Shooting mode dor\u00e9 \u00e0 La D\u00e9fense - Photographe portrait\" \/>\n\t\t<meta name=\"twitter:description\" content=\"Au c\u0153ur du quartier d\u2019affaires parisien, ce shooting photo explore le contraste entre modernit\u00e9 architecturale et \u00e9clat dor\u00e9.\" \/>\n\t\t<meta name=\"twitter:image\" content=\"https:\/\/aurellephotography.com\/wp-content\/uploads\/2026\/02\/aurelleearber-6.jpg\" \/>\n\t\t<script type=\"application\/ld+json\" class=\"aioseo-schema\">\n\t\t\t{\"@context\":\"https:\\\/\\\/schema.org\",\"@graph\":[{\"@type\":\"BreadcrumbList\",\"@id\":\"https:\\\/\\\/aurellephotography.com\\\/en\\\/project\\\/shooting-mode\\\/#breadcrumblist\",\"itemListElement\":[{\"@type\":\"ListItem\",\"@id\":\"https:\\\/\\\/aurellephotography.com\\\/en#listItem\",\"position\":1,\"name\":\"Home\",\"item\":\"https:\\\/\\\/aurellephotography.com\\\/en\",\"nextItem\":{\"@type\":\"ListItem\",\"@id\":\"https:\\\/\\\/aurellephotography.com\\\/en\\\/project\\\/#listItem\",\"name\":\"Projects\"}},{\"@type\":\"ListItem\",\"@id\":\"https:\\\/\\\/aurellephotography.com\\\/en\\\/project\\\/#listItem\",\"position\":2,\"name\":\"Projects\",\"item\":\"https:\\\/\\\/aurellephotography.com\\\/en\\\/project\\\/\",\"nextItem\":{\"@type\":\"ListItem\",\"@id\":\"https:\\\/\\\/aurellephotography.com\\\/en\\\/project_category\\\/portraits\\\/#listItem\",\"name\":\"Portraits\"},\"previousItem\":{\"@type\":\"ListItem\",\"@id\":\"https:\\\/\\\/aurellephotography.com\\\/en#listItem\",\"name\":\"Home\"}},{\"@type\":\"ListItem\",\"@id\":\"https:\\\/\\\/aurellephotography.com\\\/en\\\/project_category\\\/portraits\\\/#listItem\",\"position\":3,\"name\":\"Portraits\",\"item\":\"https:\\\/\\\/aurellephotography.com\\\/en\\\/project_category\\\/portraits\\\/\",\"nextItem\":{\"@type\":\"ListItem\",\"@id\":\"https:\\\/\\\/aurellephotography.com\\\/en\\\/project\\\/shooting-mode\\\/#listItem\",\"name\":\"Eclat dor\\u00e9s\"},\"previousItem\":{\"@type\":\"ListItem\",\"@id\":\"https:\\\/\\\/aurellephotography.com\\\/en\\\/project\\\/#listItem\",\"name\":\"Projects\"}},{\"@type\":\"ListItem\",\"@id\":\"https:\\\/\\\/aurellephotography.com\\\/en\\\/project\\\/shooting-mode\\\/#listItem\",\"position\":4,\"name\":\"Eclat dor\\u00e9s\",\"previousItem\":{\"@type\":\"ListItem\",\"@id\":\"https:\\\/\\\/aurellephotography.com\\\/en\\\/project_category\\\/portraits\\\/#listItem\",\"name\":\"Portraits\"}}]},{\"@type\":\"Person\",\"@id\":\"https:\\\/\\\/aurellephotography.com\\\/en\\\/#person\",\"name\":\"Aurelle\",\"image\":{\"@type\":\"ImageObject\",\"@id\":\"https:\\\/\\\/aurellephotography.com\\\/en\\\/project\\\/shooting-mode\\\/#personImage\",\"url\":\"https:\\\/\\\/secure.gravatar.com\\\/avatar\\\/c9665595c59439a2267b5b5eec5e4ac58420cd6ff74770cd769a38f5eacd508f?s=96&d=mm&r=g\",\"width\":96,\"height\":96,\"caption\":\"Aurelle\"}},{\"@type\":\"Person\",\"@id\":\"https:\\\/\\\/aurellephotography.com\\\/en\\\/author\\\/aurelle\\\/#author\",\"url\":\"https:\\\/\\\/aurellephotography.com\\\/en\\\/author\\\/aurelle\\\/\",\"name\":\"Aurelle\",\"image\":{\"@type\":\"ImageObject\",\"@id\":\"https:\\\/\\\/aurellephotography.com\\\/en\\\/project\\\/shooting-mode\\\/#authorImage\",\"url\":\"https:\\\/\\\/secure.gravatar.com\\\/avatar\\\/c9665595c59439a2267b5b5eec5e4ac58420cd6ff74770cd769a38f5eacd508f?s=96&d=mm&r=g\",\"width\":96,\"height\":96,\"caption\":\"Aurelle\"}},{\"@type\":\"WebPage\",\"@id\":\"https:\\\/\\\/aurellephotography.com\\\/en\\\/project\\\/shooting-mode\\\/#webpage\",\"url\":\"https:\\\/\\\/aurellephotography.com\\\/en\\\/project\\\/shooting-mode\\\/\",\"name\":\"Shooting mode dor\\u00e9 \\u00e0 La D\\u00e9fense - Photographe portrait\",\"description\":\"Au c\\u0153ur du quartier d\\u2019affaires parisien, ce shooting photo explore le contraste entre modernit\\u00e9 architecturale et \\u00e9clat dor\\u00e9.\",\"inLanguage\":\"en-GB\",\"isPartOf\":{\"@id\":\"https:\\\/\\\/aurellephotography.com\\\/en\\\/#website\"},\"breadcrumb\":{\"@id\":\"https:\\\/\\\/aurellephotography.com\\\/en\\\/project\\\/shooting-mode\\\/#breadcrumblist\"},\"author\":{\"@id\":\"https:\\\/\\\/aurellephotography.com\\\/en\\\/author\\\/aurelle\\\/#author\"},\"creator\":{\"@id\":\"https:\\\/\\\/aurellephotography.com\\\/en\\\/author\\\/aurelle\\\/#author\"},\"image\":{\"@type\":\"ImageObject\",\"url\":\"https:\\\/\\\/aurellephotography.com\\\/wp-content\\\/uploads\\\/2025\\\/10\\\/IMG_6612-min.webp\",\"@id\":\"https:\\\/\\\/aurellephotography.com\\\/en\\\/project\\\/shooting-mode\\\/#mainImage\",\"width\":1365,\"height\":2048,\"caption\":\"mod\\u00e8le in city extending her hand Paris\"},\"primaryImageOfPage\":{\"@id\":\"https:\\\/\\\/aurellephotography.com\\\/en\\\/project\\\/shooting-mode\\\/#mainImage\"},\"datePublished\":\"2025-05-01T03:56:35+00:00\",\"dateModified\":\"2025-10-23T03:58:45+00:00\"},{\"@type\":\"WebSite\",\"@id\":\"https:\\\/\\\/aurellephotography.com\\\/en\\\/#website\",\"url\":\"https:\\\/\\\/aurellephotography.com\\\/en\\\/\",\"name\":\"Aurelle Photo - mariages et portraits\",\"description\":\"Capturez l'\\u00e9l\\u00e9gance de vos souvenirs\",\"inLanguage\":\"en-GB\",\"publisher\":{\"@id\":\"https:\\\/\\\/aurellephotography.com\\\/en\\\/#person\"}}]}\n\t\t<\/script>\n\t\t<!-- All in One SEO Pro -->\r\n\t\t<title>Shooting mode dor\u00e9 \u00e0 La D\u00e9fense - Photographe portrait<\/title>\n\n","aioseo_head_json":{"title":"Shooting mode dor\u00e9 \u00e0 La D\u00e9fense - Photographe portrait","description":"Au c\u0153ur du quartier d\u2019affaires parisien, ce shooting photo explore le contraste entre modernit\u00e9 architecturale et \u00e9clat dor\u00e9.","canonical_url":"https:\/\/aurellephotography.com\/en\/project\/shooting-mode\/","robots":"max-image-preview:large","keywords":"","webmasterTools":{"google-site-verification":"l__nzAj-H2XpTboqc73wxS3CLMFmx0fO99Ubpvxv9EQ","miscellaneous":""},"schema":{"@context":"https:\/\/schema.org","@graph":[{"@type":"BreadcrumbList","@id":"https:\/\/aurellephotography.com\/en\/project\/shooting-mode\/#breadcrumblist","itemListElement":[{"@type":"ListItem","@id":"https:\/\/aurellephotography.com\/en#listItem","position":1,"name":"Home","item":"https:\/\/aurellephotography.com\/en","nextItem":{"@type":"ListItem","@id":"https:\/\/aurellephotography.com\/en\/project\/#listItem","name":"Projects"}},{"@type":"ListItem","@id":"https:\/\/aurellephotography.com\/en\/project\/#listItem","position":2,"name":"Projects","item":"https:\/\/aurellephotography.com\/en\/project\/","nextItem":{"@type":"ListItem","@id":"https:\/\/aurellephotography.com\/en\/project_category\/portraits\/#listItem","name":"Portraits"},"previousItem":{"@type":"ListItem","@id":"https:\/\/aurellephotography.com\/en#listItem","name":"Home"}},{"@type":"ListItem","@id":"https:\/\/aurellephotography.com\/en\/project_category\/portraits\/#listItem","position":3,"name":"Portraits","item":"https:\/\/aurellephotography.com\/en\/project_category\/portraits\/","nextItem":{"@type":"ListItem","@id":"https:\/\/aurellephotography.com\/en\/project\/shooting-mode\/#listItem","name":"Eclat dor\u00e9s"},"previousItem":{"@type":"ListItem","@id":"https:\/\/aurellephotography.com\/en\/project\/#listItem","name":"Projects"}},{"@type":"ListItem","@id":"https:\/\/aurellephotography.com\/en\/project\/shooting-mode\/#listItem","position":4,"name":"Eclat dor\u00e9s","previousItem":{"@type":"ListItem","@id":"https:\/\/aurellephotography.com\/en\/project_category\/portraits\/#listItem","name":"Portraits"}}]},{"@type":"Person","@id":"https:\/\/aurellephotography.com\/en\/#person","name":"Aurelle","image":{"@type":"ImageObject","@id":"https:\/\/aurellephotography.com\/en\/project\/shooting-mode\/#personImage","url":"https:\/\/secure.gravatar.com\/avatar\/c9665595c59439a2267b5b5eec5e4ac58420cd6ff74770cd769a38f5eacd508f?s=96&d=mm&r=g","width":96,"height":96,"caption":"Aurelle"}},{"@type":"Person","@id":"https:\/\/aurellephotography.com\/en\/author\/aurelle\/#author","url":"https:\/\/aurellephotography.com\/en\/author\/aurelle\/","name":"Aurelle","image":{"@type":"ImageObject","@id":"https:\/\/aurellephotography.com\/en\/project\/shooting-mode\/#authorImage","url":"https:\/\/secure.gravatar.com\/avatar\/c9665595c59439a2267b5b5eec5e4ac58420cd6ff74770cd769a38f5eacd508f?s=96&d=mm&r=g","width":96,"height":96,"caption":"Aurelle"}},{"@type":"WebPage","@id":"https:\/\/aurellephotography.com\/en\/project\/shooting-mode\/#webpage","url":"https:\/\/aurellephotography.com\/en\/project\/shooting-mode\/","name":"Shooting mode dor\u00e9 \u00e0 La D\u00e9fense - Photographe portrait","description":"Au c\u0153ur du quartier d\u2019affaires parisien, ce shooting photo explore le contraste entre modernit\u00e9 architecturale et \u00e9clat dor\u00e9.","inLanguage":"en-GB","isPartOf":{"@id":"https:\/\/aurellephotography.com\/en\/#website"},"breadcrumb":{"@id":"https:\/\/aurellephotography.com\/en\/project\/shooting-mode\/#breadcrumblist"},"author":{"@id":"https:\/\/aurellephotography.com\/en\/author\/aurelle\/#author"},"creator":{"@id":"https:\/\/aurellephotography.com\/en\/author\/aurelle\/#author"},"image":{"@type":"ImageObject","url":"https:\/\/aurellephotography.com\/wp-content\/uploads\/2025\/10\/IMG_6612-min.webp","@id":"https:\/\/aurellephotography.com\/en\/project\/shooting-mode\/#mainImage","width":1365,"height":2048,"caption":"mod\u00e8le in city extending her hand Paris"},"primaryImageOfPage":{"@id":"https:\/\/aurellephotography.com\/en\/project\/shooting-mode\/#mainImage"},"datePublished":"2025-05-01T03:56:35+00:00","dateModified":"2025-10-23T03:58:45+00:00"},{"@type":"WebSite","@id":"https:\/\/aurellephotography.com\/en\/#website","url":"https:\/\/aurellephotography.com\/en\/","name":"Aurelle Photo - mariages et portraits","description":"Capturez l'\u00e9l\u00e9gance de vos souvenirs","inLanguage":"en-GB","publisher":{"@id":"https:\/\/aurellephotography.com\/en\/#person"}}]},"og:locale":"en_GB","og:site_name":"Aurelle Photo - Capturez l'\u00e9l\u00e9gance de vos souvenirs","og:type":"article","og:title":"Shooting mode dor\u00e9 \u00e0 La D\u00e9fense - Photographe portrait","og:description":"Au c\u0153ur du quartier d\u2019affaires parisien, ce shooting photo explore le contraste entre modernit\u00e9 architecturale et \u00e9clat dor\u00e9.","og:url":"https:\/\/aurellephotography.com\/en\/project\/shooting-mode\/","og:image":"https:\/\/aurellephotography.com\/wp-content\/uploads\/2026\/02\/aurelleearber-6.jpg","og:image:secure_url":"https:\/\/aurellephotography.com\/wp-content\/uploads\/2026\/02\/aurelleearber-6.jpg","og:image:width":1902,"og:image:height":2319,"article:published_time":"2025-05-01T03:56:35+00:00","article:modified_time":"2025-10-23T03:58:45+00:00","twitter:card":"summary_large_image","twitter:title":"Shooting mode dor\u00e9 \u00e0 La D\u00e9fense - Photographe portrait","twitter:description":"Au c\u0153ur du quartier d\u2019affaires parisien, ce shooting photo explore le contraste entre modernit\u00e9 architecturale et \u00e9clat dor\u00e9.","twitter:image":"https:\/\/aurellephotography.com\/wp-content\/uploads\/2026\/02\/aurelleearber-6.jpg"},"aioseo_meta_data":{"post_id":"230386","title":"Shooting mode dor\u00e9 \u00e0 La D\u00e9fense #separator_sa Photographe portrait","description":"Au c\u0153ur du quartier d\u2019affaires parisien, ce shooting photo explore le contraste entre modernit\u00e9 architecturale et \u00e9clat dor\u00e9.","keywords":null,"keyphrases":{"focus":[],"additional":[]},"primary_term":null,"canonical_url":null,"og_title":null,"og_description":null,"og_object_type":"default","og_image_type":"default","og_image_url":null,"og_image_width":null,"og_image_height":null,"og_image_custom_url":null,"og_image_custom_fields":null,"og_video":"","og_custom_url":null,"og_article_section":null,"og_article_tags":null,"twitter_use_og":false,"twitter_card":"default","twitter_image_type":"default","twitter_image_url":null,"twitter_image_custom_url":null,"twitter_image_custom_fields":null,"twitter_title":null,"twitter_description":null,"schema":{"blockGraphs":[],"customGraphs":[],"default":{"data":{"Article":[],"Course":[],"Dataset":[],"FAQPage":[],"Movie":[],"Person":[],"Product":[],"ProductReview":[],"Car":[],"Recipe":[],"Service":[],"SoftwareApplication":[],"WebPage":[]},"graphName":"WebPage","isEnabled":true},"graphs":[]},"schema_type":"default","schema_type_options":null,"pillar_content":false,"robots_default":true,"robots_noindex":false,"robots_noarchive":false,"robots_nosnippet":false,"robots_nofollow":false,"robots_noimageindex":false,"robots_noodp":false,"robots_notranslate":false,"robots_max_snippet":"-1","robots_max_videopreview":"-1","robots_max_imagepreview":"large","priority":null,"frequency":"default","local_seo":null,"seo_analyzer_scan_date":"2026-07-27 04:45:07","breadcrumb_settings":null,"limit_modified_date":false,"open_ai":null,"ai":{"faqs":[],"keyPoints":[],"titles":[],"descriptions":[],"socialPosts":{"email":[],"linkedin":[],"twitter":[],"facebook":[],"instagram":[]}},"created":"2025-10-23 03:51:45","updated":"2026-08-19 01:59:56","focus_keyword":null,"additional_keywords":null,"truseo_locale":null},"aioseo_breadcrumb":"<div class=\"aioseo-breadcrumbs\"><span class=\"aioseo-breadcrumb\">\n\t<a href=\"https:\/\/aurellephotography.com\/en\" title=\"Home\">Home<\/a>\n<\/span><span class=\"aioseo-breadcrumb-separator\">|<\/span><span class=\"aioseo-breadcrumb\">\n\t<a href=\"https:\/\/aurellephotography.com\/en\/project\/\" title=\"Projects\">Projects<\/a>\n<\/span><span class=\"aioseo-breadcrumb-separator\">|<\/span><span class=\"aioseo-breadcrumb\">\n\t<a href=\"https:\/\/aurellephotography.com\/en\/project_category\/portraits\/\" title=\"Portraits\">Portraits<\/a>\n<\/span><span class=\"aioseo-breadcrumb-separator\">|<\/span><span class=\"aioseo-breadcrumb\">\n\tEclat dor\u00e9s\n<\/span><\/div>","aioseo_breadcrumb_json":[{"label":"Home","link":"https:\/\/aurellephotography.com\/en"},{"label":"Projects","link":"https:\/\/aurellephotography.com\/en\/project\/"},{"label":"Portraits","link":"https:\/\/aurellephotography.com\/en\/project_category\/portraits\/"},{"label":"Eclat dor\u00e9s","link":"https:\/\/aurellephotography.com\/en\/project\/shooting-mode\/"}],"_links":{"self":[{"href":"https:\/\/aurellephotography.com\/en\/wp-json\/wp\/v2\/project\/230386","targetHints":{"allow":["GET"]}}],"collection":[{"href":"https:\/\/aurellephotography.com\/en\/wp-json\/wp\/v2\/project"}],"about":[{"href":"https:\/\/aurellephotography.com\/en\/wp-json\/wp\/v2\/types\/project"}],"author":[{"embeddable":true,"href":"https:\/\/aurellephotography.com\/en\/wp-json\/wp\/v2\/users\/1"}],"replies":[{"embeddable":true,"href":"https:\/\/aurellephotography.com\/en\/wp-json\/wp\/v2\/comments?post=230386"}],"version-history":[{"count":4,"href":"https:\/\/aurellephotography.com\/en\/wp-json\/wp\/v2\/project\/230386\/revisions"}],"predecessor-version":[{"id":230393,"href":"https:\/\/aurellephotography.com\/en\/wp-json\/wp\/v2\/project\/230386\/revisions\/230393"}],"wp:featuredmedia":[{"embeddable":true,"href":"https:\/\/aurellephotography.com\/en\/wp-json\/wp\/v2\/media\/230387"}],"wp:attachment":[{"href":"https:\/\/aurellephotography.com\/en\/wp-json\/wp\/v2\/media?parent=230386"}],"wp:term":[{"taxonomy":"project_category","embeddable":true,"href":"https:\/\/aurellephotography.com\/en\/wp-json\/wp\/v2\/project_category?post=230386"},{"taxonomy":"project_tag","embeddable":true,"href":"https:\/\/aurellephotography.com\/en\/wp-json\/wp\/v2\/project_tag?post=230386"}],"curies":[{"name":"wp","href":"https:\/\/api.w.org\/{rel}","templated":true}]}}